{"id":6900,"date":"2018-05-08T06:39:07","date_gmt":"2018-05-08T05:39:07","guid":{"rendered":"https:\/\/www.philippe-pastor.com\/?page_id=6900"},"modified":"2023-02-22T17:39:56","modified_gmt":"2023-02-22T16:39:56","slug":"presse","status":"publish","type":"page","link":"https:\/\/www.philippe-pastor.com\/fr\/presse\/","title":{"rendered":"Presse"},"content":{"rendered":"<div class=\"flex_column av_one_full  flex_column_div first  content-article \" style='padding:15px 6% 15px 0% ; background-color:#e8e8e8; border-radius:0px; '><div class='sort_width_container  av-sort-yes' data-portfolio-id='1' ><div id='js_sort_items' ><div class='sort_by_cat hidden '><a href=\"#\" data-filter=\"all_sort\" class=\"all_sort_button active_sort\"><span class=\"inner_sort_button\"><span>Tout<\/span><small class=\"av-cat-count\"> 10 <\/small><\/span><\/a><span class='text-sep presse-2017_sort_sep'>\/<\/span><a href=\"#\" data-filter=\"presse-2017_sort\" class=\"presse-2017_sort_button\" ><span class=\"inner_sort_button\"><span>Presse 2017<\/span><small class='av-cat-count'> 10 <\/small><\/span><\/a><\/div><\/div><\/div><div class='portfolio grid-sort-container isotope   no_margin-container with-excerpt-container grid-total-even grid-col-3 grid-links-' data-portfolio-id='1'><div data-ajax-id='12066' class=' grid-entry flex_column isotope-item all_sort no_margin post-entry post-entry-12066 grid-entry-overview grid-loop-1 grid-parity-odd  presse-2017_sort  av_one_third first default_av_fullwidth '><article class='main_color inner-entry'  itemscope=\"itemscope\" itemtype=\"https:\/\/schema.org\/CreativeWork\" ><a href='https:\/\/www.philippe-pastor.com\/fr\/blog\/portfolio\/forest-for-the-burnt-trees-forbes-monaco-november-2022\/' title='\u00ab Forest for the Burnt Trees \u00bb, Forbes Monaco, November 2022'  data-rel='grid-1' class='grid-image avia-hover-fx'><img loading=\"lazy\" decoding=\"async\" width=\"495\" height=\"400\" src=\"https:\/\/www.philippe-pastor.com\/wp-content\/uploads\/2023\/02\/22.10.MAGAZINE-Forbes-P.Pastor_FEAT-495x400.jpg\" class=\"attachment-portfolio size-portfolio wp-post-image\" alt=\"\" srcset=\"https:\/\/www.philippe-pastor.com\/wp-content\/uploads\/2023\/02\/22.10.MAGAZINE-Forbes-P.Pastor_FEAT-495x400.jpg 495w, https:\/\/www.philippe-pastor.com\/wp-content\/uploads\/2023\/02\/22.10.MAGAZINE-Forbes-P.Pastor_FEAT-300x241.jpg 300w\" sizes=\"auto, (max-width: 495px) 100vw, 495px\" \/><\/a><div class='grid-content'><div class='avia-arrow'><\/div><header class=\"entry-content-header\"><h3 class='grid-entry-title entry-title'  itemprop=\"headline\" ><a href='https:\/\/www.philippe-pastor.com\/fr\/blog\/portfolio\/forest-for-the-burnt-trees-forbes-monaco-november-2022\/' title='\u00ab Forest for the Burnt Trees \u00bb, Forbes Monaco, November 2022'>\u00ab Forest for the Burnt Trees \u00bb, Forbes Monaco, November 2022<\/a><\/h3><\/header><\/div><footer class=\"entry-footer\"><\/footer><\/article><\/div><div data-ajax-id='12077' class=' grid-entry flex_column isotope-item all_sort no_margin post-entry post-entry-12077 grid-entry-overview grid-loop-2 grid-parity-even  presse-2017_sort  av_one_third  default_av_fullwidth '><article class='main_color inner-entry'  itemscope=\"itemscope\" itemtype=\"https:\/\/schema.org\/CreativeWork\" ><a href='https:\/\/www.philippe-pastor.com\/fr\/blog\/portfolio\/philippe-pastor-ame-brulee-paris-match-4-aout-2022\/' title='\u00ab Philippe Pastor \u00c2me Br\u00fbl\u00e9e \u00bb, Paris Match, 4 Ao\u00fbt 2022'  data-rel='grid-1' class='grid-image avia-hover-fx'><img loading=\"lazy\" decoding=\"async\" width=\"495\" height=\"400\" src=\"https:\/\/www.philippe-pastor.com\/wp-content\/uploads\/2023\/02\/22.08.04-10.PARIS-MATCH_FEAT-495x400.jpg\" class=\"attachment-portfolio size-portfolio wp-post-image\" alt=\"\" srcset=\"https:\/\/www.philippe-pastor.com\/wp-content\/uploads\/2023\/02\/22.08.04-10.PARIS-MATCH_FEAT-495x400.jpg 495w, https:\/\/www.philippe-pastor.com\/wp-content\/uploads\/2023\/02\/22.08.04-10.PARIS-MATCH_FEAT-300x241.jpg 300w\" sizes=\"auto, (max-width: 495px) 100vw, 495px\" \/><\/a><div class='grid-content'><div class='avia-arrow'><\/div><header class=\"entry-content-header\"><h3 class='grid-entry-title entry-title'  itemprop=\"headline\" ><a href='https:\/\/www.philippe-pastor.com\/fr\/blog\/portfolio\/philippe-pastor-ame-brulee-paris-match-4-aout-2022\/' title='\u00ab Philippe Pastor \u00c2me Br\u00fbl\u00e9e \u00bb, Paris Match, 4 Ao\u00fbt 2022'>\u00ab Philippe Pastor \u00c2me Br\u00fbl\u00e9e \u00bb, Paris Match, 4 Ao\u00fbt 2022<\/a><\/h3><\/header><\/div><footer class=\"entry-footer\"><\/footer><\/article><\/div><div data-ajax-id='11625' class=' grid-entry flex_column isotope-item all_sort no_margin post-entry post-entry-11625 grid-entry-overview grid-loop-3 grid-parity-odd  presse-2017_sort  av_one_third  default_av_fullwidth '><article class='main_color inner-entry'  itemscope=\"itemscope\" itemtype=\"https:\/\/schema.org\/CreativeWork\" ><a href='https:\/\/www.philippe-pastor.com\/fr\/blog\/portfolio\/philippe-pastor-terre-metamorphoses-nice-matin-week-end-7-juin-2019\/' title='\u00ab Philippe Pastor, Terre &amp; M\u00e9tamorphoses \u00bb, nice-matin week-end, 7 juin 2019'  data-rel='grid-1' class='grid-image avia-hover-fx'><img loading=\"lazy\" decoding=\"async\" width=\"495\" height=\"400\" src=\"https:\/\/www.philippe-pastor.com\/wp-content\/uploads\/2019\/10\/19.06.07.NiceMatin_week-end_WEB-495x400.jpg\" class=\"attachment-portfolio size-portfolio wp-post-image\" alt=\"\" srcset=\"https:\/\/www.philippe-pastor.com\/wp-content\/uploads\/2019\/10\/19.06.07.NiceMatin_week-end_WEB-495x400.jpg 495w, https:\/\/www.philippe-pastor.com\/wp-content\/uploads\/2019\/10\/19.06.07.NiceMatin_week-end_WEB-845x684.jpg 845w\" sizes=\"auto, (max-width: 495px) 100vw, 495px\" \/><\/a><div class='grid-content'><div class='avia-arrow'><\/div><header class=\"entry-content-header\"><h3 class='grid-entry-title entry-title'  itemprop=\"headline\" ><a href='https:\/\/www.philippe-pastor.com\/fr\/blog\/portfolio\/philippe-pastor-terre-metamorphoses-nice-matin-week-end-7-juin-2019\/' title='\u00ab Philippe Pastor, Terre &amp; M\u00e9tamorphoses \u00bb, nice-matin week-end, 7 juin 2019'>\u00ab Philippe Pastor, Terre & M\u00e9tamorphoses \u00bb, nice-matin week-end, 7 juin 2019<\/a><\/h3><\/header><\/div><footer class=\"entry-footer\"><\/footer><\/article><\/div><div data-ajax-id='9775' class=' grid-entry flex_column isotope-item all_sort no_margin post-entry post-entry-9775 grid-entry-overview grid-loop-4 grid-parity-even  presse-2017_sort  av_one_third first default_av_fullwidth '><article class='main_color inner-entry'  itemscope=\"itemscope\" itemtype=\"https:\/\/schema.org\/CreativeWork\" ><a href='https:\/\/www.philippe-pastor.com\/fr\/blog\/portfolio\/interview-dans-roulette-russe\/' title='Interview dans Roulette Russe, juillet 2018'  data-rel='grid-1' class='grid-image avia-hover-fx'><img loading=\"lazy\" decoding=\"async\" width=\"495\" height=\"400\" src=\"https:\/\/www.philippe-pastor.com\/wp-content\/uploads\/2018\/07\/18.RUSSIANROULETTEN9_p48-495x400.jpg\" class=\"attachment-portfolio size-portfolio wp-post-image\" alt=\"\" srcset=\"https:\/\/www.philippe-pastor.com\/wp-content\/uploads\/2018\/07\/18.RUSSIANROULETTEN9_p48-495x400.jpg 495w, https:\/\/www.philippe-pastor.com\/wp-content\/uploads\/2018\/07\/18.RUSSIANROULETTEN9_p48-845x684.jpg 845w\" sizes=\"auto, (max-width: 495px) 100vw, 495px\" \/><\/a><div class='grid-content'><div class='avia-arrow'><\/div><header class=\"entry-content-header\"><h3 class='grid-entry-title entry-title'  itemprop=\"headline\" ><a href='https:\/\/www.philippe-pastor.com\/fr\/blog\/portfolio\/interview-dans-roulette-russe\/' title='Interview dans Roulette Russe, juillet 2018'>Interview dans Roulette Russe, juillet 2018<\/a><\/h3><\/header><\/div><footer class=\"entry-footer\"><\/footer><\/article><\/div><div data-ajax-id='6951' class=' grid-entry flex_column isotope-item all_sort no_margin post-entry post-entry-6951 grid-entry-overview grid-loop-5 grid-parity-odd  presse-2017_sort  av_one_third  default_av_fullwidth '><article class='main_color inner-entry'  itemscope=\"itemscope\" itemtype=\"https:\/\/schema.org\/CreativeWork\" ><a href='https:\/\/www.philippe-pastor.com\/fr\/blog\/portfolio\/une-veritable-nature-artistique\/' title='\u00ab Philippe Pastor, une v\u00e9ritable nature artistique \u00bb, Arts Magazine International, n\u00b010, Septembre 2017'  data-rel='grid-1' class='grid-image avia-hover-fx'><img loading=\"lazy\" decoding=\"async\" width=\"495\" height=\"400\" src=\"https:\/\/www.philippe-pastor.com\/wp-content\/uploads\/2018\/05\/17.09.ARTS-MAGAZINE2_scanLR-495x400.jpg\" class=\"attachment-portfolio size-portfolio wp-post-image\" alt=\"\" srcset=\"https:\/\/www.philippe-pastor.com\/wp-content\/uploads\/2018\/05\/17.09.ARTS-MAGAZINE2_scanLR-495x400.jpg 495w, https:\/\/www.philippe-pastor.com\/wp-content\/uploads\/2018\/05\/17.09.ARTS-MAGAZINE2_scanLR-845x684.jpg 845w\" sizes=\"auto, (max-width: 495px) 100vw, 495px\" \/><\/a><div class='grid-content'><div class='avia-arrow'><\/div><header class=\"entry-content-header\"><h3 class='grid-entry-title entry-title'  itemprop=\"headline\" ><a href='https:\/\/www.philippe-pastor.com\/fr\/blog\/portfolio\/une-veritable-nature-artistique\/' title='\u00ab Philippe Pastor, une v\u00e9ritable nature artistique \u00bb, Arts Magazine International, n\u00b010, Septembre 2017'>\u00ab Philippe Pastor, une v\u00e9ritable nature artistique \u00bb, Arts Magazine International, n\u00b010, Septembre 2017<\/a><\/h3><\/header><\/div><footer class=\"entry-footer\"><\/footer><\/article><\/div><div data-ajax-id='6943' class=' grid-entry flex_column isotope-item all_sort no_margin post-entry post-entry-6943 grid-entry-overview grid-loop-6 grid-parity-even  presse-2017_sort  av_one_third  default_av_fullwidth '><article class='main_color inner-entry'  itemscope=\"itemscope\" itemtype=\"https:\/\/schema.org\/CreativeWork\" ><a href='https:\/\/www.philippe-pastor.com\/fr\/blog\/portfolio\/monaco-modernart-les-arbres-brules-de-philippe-pastor\/' title='\u00ab Monaco Modern\u2019Art. Les Arbres Br\u00fbl\u00e9s de Philippe Pastor \u00bb, COTE magazine, Et\u00e9 2016'  data-rel='grid-1' class='grid-image avia-hover-fx'><img loading=\"lazy\" decoding=\"async\" width=\"495\" height=\"400\" src=\"https:\/\/www.philippe-pastor.com\/wp-content\/uploads\/2018\/05\/16.COTEMAG_FEAT-495x400.jpg\" class=\"attachment-portfolio size-portfolio wp-post-image\" alt=\"\" srcset=\"https:\/\/www.philippe-pastor.com\/wp-content\/uploads\/2018\/05\/16.COTEMAG_FEAT-495x400.jpg 495w, https:\/\/www.philippe-pastor.com\/wp-content\/uploads\/2018\/05\/16.COTEMAG_FEAT-300x241.jpg 300w\" sizes=\"auto, (max-width: 495px) 100vw, 495px\" \/><\/a><div class='grid-content'><div class='avia-arrow'><\/div><header class=\"entry-content-header\"><h3 class='grid-entry-title entry-title'  itemprop=\"headline\" ><a href='https:\/\/www.philippe-pastor.com\/fr\/blog\/portfolio\/monaco-modernart-les-arbres-brules-de-philippe-pastor\/' title='\u00ab Monaco Modern\u2019Art. Les Arbres Br\u00fbl\u00e9s de Philippe Pastor \u00bb, COTE magazine, Et\u00e9 2016'>\u00ab Monaco Modern\u2019Art. Les Arbres Br\u00fbl\u00e9s de Philippe Pastor \u00bb, COTE magazine, Et\u00e9 2016<\/a><\/h3><\/header><\/div><footer class=\"entry-footer\"><\/footer><\/article><\/div><div data-ajax-id='6935' class=' grid-entry flex_column isotope-item all_sort no_margin post-entry post-entry-6935 grid-entry-overview grid-loop-7 grid-parity-odd  presse-2017_sort  av_one_third first default_av_fullwidth '><article class='main_color inner-entry'  itemscope=\"itemscope\" itemtype=\"https:\/\/schema.org\/CreativeWork\" ><a href='https:\/\/www.philippe-pastor.com\/fr\/blog\/portfolio\/au-plus-pres-de-son-arbre\/' title='\u00ab Philippe Pastor. Au plus pr\u00e8s de son Arbre \u00bb, RIVIERA MAGAZINE, N\u00b075, Ju-Ao\u00fbt 2016'  data-rel='grid-1' class='grid-image avia-hover-fx'><img loading=\"lazy\" decoding=\"async\" width=\"495\" height=\"400\" src=\"https:\/\/www.philippe-pastor.com\/wp-content\/uploads\/2018\/05\/16.07.RIVIERA_Pastor-reportage-2-495x400.jpg\" class=\"attachment-portfolio size-portfolio wp-post-image\" alt=\"\" srcset=\"https:\/\/www.philippe-pastor.com\/wp-content\/uploads\/2018\/05\/16.07.RIVIERA_Pastor-reportage-2-495x400.jpg 495w, https:\/\/www.philippe-pastor.com\/wp-content\/uploads\/2018\/05\/16.07.RIVIERA_Pastor-reportage-2-845x684.jpg 845w\" sizes=\"auto, (max-width: 495px) 100vw, 495px\" \/><\/a><div class='grid-content'><div class='avia-arrow'><\/div><header class=\"entry-content-header\"><h3 class='grid-entry-title entry-title'  itemprop=\"headline\" ><a href='https:\/\/www.philippe-pastor.com\/fr\/blog\/portfolio\/au-plus-pres-de-son-arbre\/' title='\u00ab Philippe Pastor. Au plus pr\u00e8s de son Arbre \u00bb, RIVIERA MAGAZINE, N\u00b075, Ju-Ao\u00fbt 2016'>\u00ab Philippe Pastor. Au plus pr\u00e8s de son Arbre \u00bb, RIVIERA MAGAZINE, N\u00b075, Ju-Ao\u00fbt 2016<\/a><\/h3><\/header><\/div><footer class=\"entry-footer\"><\/footer><\/article><\/div><div data-ajax-id='6924' class=' grid-entry flex_column isotope-item all_sort no_margin post-entry post-entry-6924 grid-entry-overview grid-loop-8 grid-parity-even  presse-2017_sort  av_one_third  default_av_fullwidth '><article class='main_color inner-entry'  itemscope=\"itemscope\" itemtype=\"https:\/\/schema.org\/CreativeWork\" ><a href='https:\/\/www.philippe-pastor.com\/fr\/blog\/portfolio\/philippe-pastor-marginal-a-loeuvre-caroline-mangez-paris-match-8-14-octobre-2015\/' title='\u00ab Philippe Pastor marginal \u00e0 l\u2019\u0153uvre \u00bb, C. Mangez, Paris Match, 8-14 oct. 2015'  data-rel='grid-1' class='grid-image avia-hover-fx'><img loading=\"lazy\" decoding=\"async\" width=\"495\" height=\"400\" src=\"https:\/\/www.philippe-pastor.com\/wp-content\/uploads\/2018\/05\/15.10.PARIS-MATCH_FEAT-495x400.jpg\" class=\"attachment-portfolio size-portfolio wp-post-image\" alt=\"\" srcset=\"https:\/\/www.philippe-pastor.com\/wp-content\/uploads\/2018\/05\/15.10.PARIS-MATCH_FEAT-495x400.jpg 495w, https:\/\/www.philippe-pastor.com\/wp-content\/uploads\/2018\/05\/15.10.PARIS-MATCH_FEAT-300x241.jpg 300w\" sizes=\"auto, (max-width: 495px) 100vw, 495px\" \/><\/a><div class='grid-content'><div class='avia-arrow'><\/div><header class=\"entry-content-header\"><h3 class='grid-entry-title entry-title'  itemprop=\"headline\" ><a href='https:\/\/www.philippe-pastor.com\/fr\/blog\/portfolio\/philippe-pastor-marginal-a-loeuvre-caroline-mangez-paris-match-8-14-octobre-2015\/' title='\u00ab Philippe Pastor marginal \u00e0 l\u2019\u0153uvre \u00bb, C. Mangez, Paris Match, 8-14 oct. 2015'>\u00ab Philippe Pastor marginal \u00e0 l\u2019\u0153uvre \u00bb, C. Mangez, Paris Match, 8-14 oct. 2015<\/a><\/h3><\/header><\/div><footer class=\"entry-footer\"><\/footer><\/article><\/div><div data-ajax-id='6913' class=' grid-entry flex_column isotope-item all_sort no_margin post-entry post-entry-6913 grid-entry-overview grid-loop-9 grid-parity-odd  presse-2017_sort  av_one_third  default_av_fullwidth '><article class='main_color inner-entry'  itemscope=\"itemscope\" itemtype=\"https:\/\/schema.org\/CreativeWork\" ><a href='https:\/\/www.philippe-pastor.com\/fr\/blog\/portfolio\/lexposition-universelle-de-milan-demarre-a-monaco-cedric-verany-nice-matin-le-23-avril-2015\/' title='\u00ab L\u2019Exposition universelle de Milan d\u00e9marre\u2026 \u00e0 Monaco \u00bb, C\u00e9dric Verany, Nice Matin, le 23 avril 2015'  data-rel='grid-1' class='grid-image avia-hover-fx'><img loading=\"lazy\" decoding=\"async\" width=\"495\" height=\"400\" src=\"https:\/\/www.philippe-pastor.com\/wp-content\/uploads\/2018\/05\/15.04.22.Monaco-Matin_FEAT-495x400.jpg\" class=\"attachment-portfolio size-portfolio wp-post-image\" alt=\"\" srcset=\"https:\/\/www.philippe-pastor.com\/wp-content\/uploads\/2018\/05\/15.04.22.Monaco-Matin_FEAT-495x400.jpg 495w, https:\/\/www.philippe-pastor.com\/wp-content\/uploads\/2018\/05\/15.04.22.Monaco-Matin_FEAT-300x241.jpg 300w\" sizes=\"auto, (max-width: 495px) 100vw, 495px\" \/><\/a><div class='grid-content'><div class='avia-arrow'><\/div><header class=\"entry-content-header\"><h3 class='grid-entry-title entry-title'  itemprop=\"headline\" ><a href='https:\/\/www.philippe-pastor.com\/fr\/blog\/portfolio\/lexposition-universelle-de-milan-demarre-a-monaco-cedric-verany-nice-matin-le-23-avril-2015\/' title='\u00ab L\u2019Exposition universelle de Milan d\u00e9marre\u2026 \u00e0 Monaco \u00bb, C\u00e9dric Verany, Nice Matin, le 23 avril 2015'>\u00ab L\u2019Exposition universelle de Milan d\u00e9marre\u2026 \u00e0 Monaco \u00bb, C\u00e9dric Verany, Nice Matin, le 23 avril 2015<\/a><\/h3><\/header><\/div><footer class=\"entry-footer\"><\/footer><\/article><\/div><div data-ajax-id='6879' class=' grid-entry flex_column isotope-item all_sort no_margin post-entry post-entry-6879 grid-entry-overview grid-loop-10 grid-parity-even  post-entry-last  presse-2017_sort  av_one_third first default_av_fullwidth '><article class='main_color inner-entry'  itemscope=\"itemscope\" itemtype=\"https:\/\/schema.org\/CreativeWork\" ><a href='https:\/\/www.philippe-pastor.com\/fr\/blog\/portfolio\/lart-au-service-de-la-nature\/' title='&quot;Philippe Pastor, l&#039;art au service de la nature&quot;, Nice-matin, 3 ao\u00fbt 2014'  data-rel='grid-1' class='grid-image avia-hover-fx'><img loading=\"lazy\" decoding=\"async\" width=\"495\" height=\"400\" src=\"https:\/\/www.philippe-pastor.com\/wp-content\/uploads\/2018\/05\/14.08.03.NiceMatin_FEAT-495x400.jpg\" class=\"attachment-portfolio size-portfolio wp-post-image\" alt=\"\" srcset=\"https:\/\/www.philippe-pastor.com\/wp-content\/uploads\/2018\/05\/14.08.03.NiceMatin_FEAT-495x400.jpg 495w, https:\/\/www.philippe-pastor.com\/wp-content\/uploads\/2018\/05\/14.08.03.NiceMatin_FEAT-300x241.jpg 300w\" sizes=\"auto, (max-width: 495px) 100vw, 495px\" \/><\/a><div class='grid-content'><div class='avia-arrow'><\/div><header class=\"entry-content-header\"><h3 class='grid-entry-title entry-title'  itemprop=\"headline\" ><a href='https:\/\/www.philippe-pastor.com\/fr\/blog\/portfolio\/lart-au-service-de-la-nature\/' title='&quot;Philippe Pastor, l&#039;art au service de la nature&quot;, Nice-matin, 3 ao\u00fbt 2014'>\"Philippe Pastor, l'art au service de la nature\", Nice-matin, 3 ao\u00fbt 2014<\/a><\/h3><\/header><\/div><footer class=\"entry-footer\"><\/footer><\/article><\/div><\/div><\/div>\n<div class=\"flex_column av_one_full  flex_column_div first  content-article \" style='padding:15px 6% 15px 0% ; background-color:#e8e8e8; border-radius:0px; '><section class=\"av_textblock_section \"  itemscope=\"itemscope\" itemtype=\"https:\/\/schema.org\/CreativeWork\" ><div class='avia_textblock  '   itemprop=\"text\" ><p><strong>2023<\/strong><\/p>\n<p class=\"p1\">\u00ab Forbes and Rani Vanouska T. Modely unveil Powerful Environmental Message with Philippe Pastor\u2019s Art and the \u201cBasta Ball\u201d \u00bb, <a href=\"https:\/\/www.epistlenews.co.uk\/opinion\/01\/22\/forbes-and-rani-vanouska-t-modely-unveil-powerful-environmental-message-with-philippe-pastors-art-and-the-basta-ball.html\" target=\"_blank\" rel=\"noopener\">Epistle News<\/a>, 22 January 2023<\/p>\n<p><strong>2022<\/strong><\/p>\n<p class=\"p1\">\u00ab Forest for the Burnt Trees \u00bb, Forbes Monaco, November 2022<\/p>\n<p class=\"p1\">\u00ab Philippe Pastor, Arbres de Vie \u00bb, Marie Claire Maison M\u00e9diterran\u00e9e, septembre 2022<\/p>\n<p class=\"p1\">\u00ab Philippe Pastor, \u00c0 l\u2019\u0153uvre pour la plan\u00e8te \/ At work for the planet \u00bb, C\u00f4te Magazine, Septembre-Octobre 2022<\/p>\n<p class=\"p1\">\u00ab Philippe Pastor \u00c2me Br\u00fbl\u00e9e \u00bb, Paris Match, 4 Ao\u00fbt 2022<\/p>\n<p class=\"p1\">\u00ab Philippe Pastor, Les Arbres Br\u00fbl\u00e9s \u00bb, Monaco Imprese, juillet 2022<\/p>\n<p class=\"p1\">\u00ab Philippe Pastor, Les Arbres Br\u00fbl\u00e9s \/ The Burned Trees \u00bb, C\u00f4te Magazine, juillet 2022<span class=\"Apple-converted-space\">&nbsp;<\/span><\/p>\n<p class=\"p1\">\u00ab L\u2019Alt Empord\u00e0 recorda els focs del 2012 amb un acte a Vilanant\u00bb, Empord\u00e0, 22 de juliol del 2022<\/p>\n<p class=\"p1\">\u00ab Gala de la Croix-Rouge \u00e0 Monaco un Prince bien entour\u00e9 \u00bb, Point de Vue, 27 juillet 2022<\/p>\n<p class=\"p1\">\u00ab MONACO : Gala de la Croix Rouge mon\u00e9gasque avec Philippe PASTOR \u00bb, Presse Agence, 20 juillet 2022<\/p>\n<p class=\"p1\">\u00ab La Croce Rossa di Monaco festeggia i 40 anni di presidenza del Principe \u00bb, MonteCarloIn, 19 juillet 2022<\/p>\n<p class=\"p1\">\u00ab Un 73e gale de la Croix-Rouge mon\u00e9gasque dans une ambiance anim\u00e9e et chaleureuse \u00bb, La Gazette de Monaco, 19 juillet 2022<\/p>\n<p class=\"p1\">\u00ab Le Temps de Philippe Pastor \u00bb, l\u2019Echo, 18 juillet 2022<\/p>\n<p class=\"p1\">\u00ab Une nouvelle sculpture pour \u00ab interpeller \u00bb \u00e0 St-Paul-de-Vence \u00bb, Nice Matin, 9 juillet 2022<\/p>\n<p class=\"p1\">\u00ab Les Arbres Br\u00fbl\u00e9s de Philippe Pastor, t\u00e9moignent du changement climatique \u00e0 Saint-Paul-de-Vence\u00bb, Pages Monaco, 16 juin 2022<\/p>\n<p class=\"p1\">\u00ab Les Arbres Br\u00fbl\u00e9s de Philippe Pastor, t\u00e9moins silencieux du changement climatique \u00e0 Saint Paul de Vence \u00bb, Art C\u00f4te d\u2019Azur, 14 juin 2022<\/p>\n<p class=\"p1\">\u00ab SAINT PAUL DE VENCE : Philippe Pastor installe les Arbres Br\u00fbl\u00e9s \u00bb, www.presseagence.fr, 4 juin 2022<\/p>\n<p class=\"p1\">\u00ab 2022 : Artiste Messager Philippe Pastor \u00bb, La Principaut\u00e9, Mai 2022<\/p>\n<p class=\"p1\">\u00ab Un artiste lanceur d\u2019alerte \u00bb, Tribune Bulletin C\u00f4te d\u2019Azur, 22 Avril 2022<\/p>\n<p><strong>2021<\/strong><\/p>\n<p class=\"p1\">\u00ab Philippe Pastor, un ma\u00eetre de l\u2019expressionisme abstrait \u00bb, <a href=\"https:\/\/www.hupsoomagazine.com\/post\/philippe-pastor-un-maitre-de-l-expressionnisme-abstrait\" target=\"_blank\" rel=\"noopener\">HUPSOO Magazine<\/a>, 10 septembre 2021<\/p>\n<p class=\"p1\">\u00ab La fin du monde selon Philippe Pastor \u00bb, Monaco Hebdo, 12 ao\u00fbt 2021<span class=\"Apple-converted-space\">&nbsp;<\/span><\/p>\n<p class=\"p1\">\u00ab Philippe Pastor : La Fin du Monde \u00bb, <a href=\"https:\/\/www.artsixmic.fr\/2021-07-11-philippe-pastor-fin-du-monde-chez-monaco-modernart-153219-2\/\" target=\"_blank\" rel=\"noopener\">Artsixmic<\/a>, 11 juillet 2021<\/p>\n<p class=\"p1\">\u00ab L\u2019Art en version environnement \u00bb, ULTIMATE, juillet 2021<\/p>\n<p><strong>2020<\/strong><\/p>\n<p class=\"p1\">\u00ab Philippe PASTOR | Est-ce que ce monde est s\u00e9rieux ? \u00bb, Arts Hebdo Media, 23 septembre 2020<span class=\"Apple-converted-space\">&nbsp;<\/span><\/p>\n<p class=\"p1\">\u00ab Philippe Pastor : R\u00eaves d\u2019un autre monde \u00bb, Nice Matin, 19 Ao\u00fbt 2020<\/p>\n<p class=\"p1\"><span class=\"Apple-converted-space\">&nbsp;<\/span>\u00ab Monaco Modern\u2019Art, Est-ce que ce monde est s\u00e9rieux ? \u00bb, l\u2019ARCA International, Janvier 2020<\/p>\n<p class=\"p1\">\u00ab R\u00e9chauffement climatique : l\u2019\u00e9tat d\u2019urgence \u00bb, Monaco Hebdo, 16 Janvier 2020<\/p>\n<p><strong>2019<\/strong><\/p>\n<p class=\"p1\">\u00ab Philippe Pastor presents a remarkable installation of 28 sculptures of \u00ab\u00a0The Burned Trees\u00a0\u00bb at Monaco Modern&rsquo;Art \u00bb, <a href=\"https:\/\/artdaily.cc\/news\/119644\/Philippe-Pastor-presents-a-remarkable-installation-of-28-sculptures-of--The-Burned-Trees--at-Monaco-Modern-Art#.Xg7_LxdKjUZ\" target=\"_blank\" rel=\"noopener\">artdaily<\/a>, 31 December 2019<span class=\"Apple-converted-space\">&nbsp;<\/span><\/p>\n<p class=\"p1\">\u00ab Philippe Pastor, Is this world serious? \u00bb, Monaco Life, December 2019<\/p>\n<p class=\"p1\">\u00ab Is this world serious? The new moving exhibition by Philippe Pastor, La Gazette de Monaco, 15 December 2019<\/p>\n<p class=\"p1\">\u00ab Monaco : Philippe Pastor et ses Arbres Br\u00fbl\u00e9s \u00bb, le Ficanas, 12 d\u00e9cembre 2019<\/p>\n<p class=\"p1\">\u00ab Nouvelle exposition Monaco Modern\u2019Art et Philippe Pastor \u00bb, Monaco Madame, 11 d\u00e9cembre 2019<\/p>\n<p class=\"p1\">\u00ab Is this world serious? An interview with Philippe Pastor \u00bb, The Real Riviera, 26 November 2019<\/p>\n<p class=\"p1\">\u00ab Le cri d\u2019alarme de Philippe Pastor \u00e0 Nice contre la d\u00e9forestation \u00bb, nice-matin, 12 octobre 2019<\/p>\n<p>\u00ab Inauguration des \u00ab Arbres Br\u00fbl\u00e9s \u00bb de Philippe Pastor. Une \u0153uvre incandescente \u00bb, Cnews, 4 octobre 2019<\/p>\n<p>\u00ab Elle d\u00e9nonce la d\u00e9forestation : d\u00e9couvrez la monumentale sculpture inaugur\u00e9e \u00e0 Nice ce jeudi \u00bb, <a href=\"https:\/\/www.nicematin.com\/arts\/elle-denonce-la-deforestation-decouvrez-la-monumentale-sculpture-inauguree-a-nice-ce-jeudi-419029\" target=\"_blank\" rel=\"noopener\">nice-matin<\/a>, 3 octobre 2019<\/p>\n<p>\u00ab Des \u00ab Arbres Br\u00fbl\u00e9s \u00bb s\u2019installent au Jardin Sacha Sosno \u00bb, <a href=\"https:\/\/lagazettedemonaco.com\/des-arbres-brules-sinstallent-au-jardin-sacha-sosno\/\" target=\"_blank\" rel=\"noopener\">La Gazette de Monaco<\/a>, 3 octobre 2019<\/p>\n<p>\u00ab Inaugurata domani la scultura \u00ab Les Arbres Br\u00fbl\u00e9s \u00bb di Philippe Pastor \u00bb, <a href=\"http:\/\/www.montecarlonews.it\/2019\/10\/02\/notizie\/argomenti\/altre-notizie-1\/articolo\/inaugurata-domani-la-scultura-les-arbres-brules-di-philippe-pastor.html\" target=\"_blank\" rel=\"noopener\">montecarlonews.it<\/a>, 2 ottobre 2019<\/p>\n<p>\u00ab Les Arbres Br\u00fbl\u00e9s de Philippe Pastor : une exposition in\u00e9dite \u00e0 Nice \u00bb, <a href=\"https:\/\/rivieramagazine.fr\/2019\/09\/27\/arbres-brules-de-philippe-pastor-exposition-inedite-a-nice\/\" target=\"_blank\" rel=\"noopener\">Riviera Magazine<\/a>, 27 septembre<\/p>\n<p>\u00ab Nice to host monumental works of Pastor \u00bb, <a href=\"https:\/\/www.monacolife.net\/nice-to-host-monumental-works-of-pastor\/\" target=\"_blank\" rel=\"noopener\">monacolife<\/a>, 3 September 2019<\/p>\n<p>\u00ab Nice toujours plus belle \u00bb, <a href=\"https:\/\/monacomadame.org\/2019\/09\/02\/nice-toujours-plus-belle\/\" target=\"_blank\" rel=\"noopener\">Monaco Madame<\/a>, 2 septembre 2019<\/p>\n<p>\u00ab Des peintures de Philippe Pastor pour d\u00e9noncer les mauvais coups inflig\u00e9s \u00e0 la Nature \u00bb, <a href=\"https:\/\/www.monacomatin.mc\/expos\/des-peintures-de-philippe-pastor-pour-denoncer-les-mauvais-coups-infliges-a-la-nature-386524\" target=\"_blank\" rel=\"noopener\">monaco-matin<\/a>, 20 juillet 2019<\/p>\n<p>\u00ab Les arbres, nouvelles stars de l\u2019art contemporain \u00bb, BeauxArts Magazine, 19 juillet 2019<\/p>\n<p>\u00ab Whitewaller Riviera : What to See at Ch\u00e2teau des Marres, Ch\u00e2teau La Coste, and Domaine du Muy \u00bb, <a href=\"https:\/\/www.whitewall.art\/art\/whitewaller-riviera-see-chateau-de-marres-chateau-la-coste-domaine-du-muy\" target=\"_blank\" rel=\"noopener\">Whitewall<\/a>, 16 July 2019<\/p>\n<p>\u00ab Une nouvelle exposition de Philippe Pastor \u00e0 la Monaco Modern\u2019Art \u00bb, <a href=\"https:\/\/www.monaco-tribune.com\/2019\/07\/nouvelle-exposition-philippe-pastor-monaco-modernart\/\" target=\"_blank\" rel=\"noopener\">Monaco Tribune<\/a>, 1er juillet 2019<\/p>\n<p>\u00ab Philippe Pastor interpr\u00e8te l\u2019interaction de l\u2019Homme avec son environnement \u00bb, <a href=\"https:\/\/www.artsixmic.fr\/philippe-pastor-interprete-linteraction-de-lhomme-avec-son-environnement\/\" target=\"_blank\" rel=\"noopener\">Artsixmic<\/a>, 1er juillet 2019<\/p>\n<p>\u00ab Exposition Philippe Pastor, Terre &amp; M\u00e9tamorphoses \u00bb, R\u00e9sidences D\u00e9coration, juillet 2019<\/p>\n<p>\u00ab Des peintures de Philippe Pastor pour d\u00e9noncer les mauvais coups inflig\u00e9s \u00e0 la Nature \u00bb, <a href=\"https:\/\/www.varmatin.com\/expos\/des-peintures-de-philippe-pastor-pour-denoncer-les-mauvais-coups-infliges-a-la-nature-386524\" target=\"_blank\" rel=\"noopener\">var-matin<\/a>, 9 juin 2019<\/p>\n<p>\u00ab Philippe Pastor, Terre &amp; M\u00e9tamorphoses \u00bb, <a href=\"https:\/\/smartymagazine.com\/55448\/2019\/06\/07\/philippe-pastor-terre-%C2%A7-metamorphoses\/?lang=fr\" target=\"_blank\" rel=\"noopener\">SMARTY<\/a>, 7 juin 2019<\/p>\n<p>\u00ab Philippe Pastor, Terre &amp; M\u00e9tamorphoses \u00bb, nice-matin week-end, 7 juin 2019<\/p>\n<p>\u00ab Terre &amp; M\u00e9tamorphoses an exhibit by Philippe Pastor \u00bb, <a href=\"http:\/\/www.monacolife.net\/terre-and-metamorphoses-an-exhibit-by-philippe-pastor\/\" target=\"_blank\" rel=\"noopener\">monacolife<\/a>, 5 June 2019<\/p>\n<p>\u00ab Terre &amp; M\u00e9tamorphoses an exhibit by Philippe Pastor \u00bb, <a href=\"https:\/\/theworldnews.net\/mc-news\/terre-and-metamorphoses-an-exhibit-by-philippe-pastor\" target=\"_blank\" rel=\"noopener\">The World News<\/a>, 4 June 2019<\/p>\n<p>\u00ab Philippe Pastor, Terre &amp; M\u00e9tamorphoses \u00bb, <a href=\"https:\/\/levadrouilleururbain.wordpress.com\/2019\/06\/03\/philippe-pastor-terre-metamorphoses-monaco-modernart-mon\/\" target=\"_blank\" rel=\"noopener\">Le Vadrouilleur Urbain<\/a>, 3 juin 2019<\/p>\n<p>\u00ab Maison Terre \u00bb, Magazine Grand Sud, Juin 2019<\/p>\n<p>\u00ab Terre &amp; M\u00e9tamorphoses by Philippe Pastor \u00bb \u00bb, <a href=\"https:\/\/therealriviera.com\/the-burned-trees-by-philippe-pastor\/\" target=\"_blank\" rel=\"noopener\">The Real Riviera<\/a>, 2 May<\/p>\n<p>\u00ab Les m\u00e9tamorphoses de Philippe Pastor, Arts Magazine, n\u00b024, 2019<\/p>\n<p>\u00ab Philippe Pastor, Terre &amp; M\u00e9tamorphoses \u00bb, <a href=\"https:\/\/lartdenice.blogspot.com\/2019\/04\/philippe-pastor-terre-metamorphoses.html\" target=\"_blank\" rel=\"noopener\">L\u2019art de Nice<\/a>, Jeudi 25 avril 2019<\/p>\n<p>\u00ab Philippe Pastor, Terre &amp; M\u00e9tamorphoses \u00bb, <a href=\"https:\/\/www.artshebdomedias.com\/agenda\/philippe-pastor-terre-metamorphoses\/\" target=\"_blank\" rel=\"noopener\">Artshebdom\u00e9dias<\/a>, avril 2019<\/p>\n<p><strong>2018<br \/>\n<\/strong><\/p>\n<p>\u00ab De Jonckheere Gallery, \u00ab Rencontre de Ma\u00eetres \u00bb with Philippe Pastor \u00bb, <a href=\"https:\/\/therealriviera.com\/de-jonckheere-gallery-rencontre-de-maitres\/\" target=\"_blank\" rel=\"noopener\">The Real Riviera<\/a>, December 2018<\/p>\n<p>\u00ab Exposition Rencontre de Maitres par Philippe Pastor \u00bb, <a href=\"https:\/\/monacomadame.org\/2018\/12\/12\/exposition-rencontre-de-maitres-par-philippe-pastor\/\" target=\"_blank\" rel=\"noopener\">Monaco Madame<\/a>, 12 D\u00e9cembre 2018<\/p>\n<p>\u00ab Rencontre de Maitres \u00bb et Philippe Pastor \u00e0 voir \u00e0 la galerie de Jonckheere, <a href=\"https:\/\/www.artcotedazur.fr\/actualite,109\/exposition,110\/rencontre-de-maitres-de-philippe-pastor-a-voir-a-la,12050.html\" target=\"_blank\" rel=\"noopener\">Art Cote d\u2019Azur<\/a>, D\u00e9cembre 2018<\/p>\n<p>\u00ab La Galleria de Jonckheere presenta a Monaco sino al 4 gennaio \u00ab Rencontre de Ma\u00eetres \u00bb \u00bb, <a href=\"http:\/\/www.montecarlonews.it\/2018\/12\/28\/notizie\/argomenti\/monaco\/articolo\/la-galleria-de-jonckheere-presenta-a-monaco-sino-al-4-gennaio-rencontre-de-maitres.html\" target=\"_blank\" rel=\"noopener\">montecarlonews.it<\/a>, 28 Dicembre 2018<\/p>\n<p>\u00ab Philippe Pastor at \u00ab Rencontre de Ma\u00eetres \u00bb collective exhibition \u00bb,<a href=\"https:\/\/www.artrevealmagazine.com\/philippe-pastor-at-rencontre-de-maitres-collective-exhibition\/\" target=\"_blank\" rel=\"noopener\"> Art Reveal<\/a>, 27 November 2018<\/p>\n<p>\u00ab Philippe Pastor \u00bb, <a href=\"https:\/\/www.widewalls.ch\/artist\/philippe-pastor\/\" target=\"_blank\" rel=\"noopener\">Widewalls.ch<\/a>, October 2018<\/p>\n<p>\u00ab Philippe Pastor \u00bb, VILLAS, N\u00b096, 2018<\/p>\n<p>\u00ab Philippe Pastor \u2013 Arte e impegno per l\u2019ambiente \u00bb, <a href=\"http:\/\/www.art-vibes.com\/art\/philippe-pastor-arte-e-impegno-per-ambiente\/\" target=\"_blank\" rel=\"noopener\">Art Vibes<\/a>, 20 septembre 2018<\/p>\n<p>\u00ab Philippe Pastor \u00ab Les Arbres Br\u00fbl\u00e9s \u00bb \u00bb, <a href=\"http:\/\/artshebdomedias.com\/agenda\/philippe-pastor-arbres-brules\/\" target=\"_blank\" rel=\"noopener\">ARTSHEBDOMEDIAS<\/a>, juillet 2018<\/p>\n<p>\u00ab De Jonckheere Gallery presents the Monegasque painter Philippe Pastor at Art Nocturne Knocke, <a href=\"https:\/\/www.art-scene.tv\/en\/news\/details\/datum\/2018\/07\/31\/art-nocturne-knocke.html\" target=\"_blank\" rel=\"noopener\">art-scene.tv<\/a>, 31 July 2018<\/p>\n<p>\u00ab Sculptures of \u201cBurnt Trees\u201d by Philippe Pastor honoured for 2018 summer season \u00bb, Monacolife, 24 July 2018<\/p>\n<p>\u00ab Les Arbres Br\u00fbl\u00e9s, Ch\u00e2teau des Marres \u00bb, Visit Magazine, 23 avril 2018<\/p>\n<p>\u00ab Philippe Pastor \u00bb, Russian Roulette, n\u00b09, 2018<\/p>\n<p><strong><br \/>\n2017<\/strong><\/p>\n<p>\u00ab Galerie de Jonckheere \u2013 Philippe Pastor \u2013 10 Monochrome \u00bb, <a href=\"https:\/\/artpassions.ch\/galerie-de-jonckheere-philippe-pastor-10-monochromes-du-2-au-30-novembre-2017\/\" target=\"_blank\" rel=\"noopener\">ARTPASSIONS.ch<\/a>, 20 octobre 2017<\/p>\n<p>\u00ab Les Arbres Br\u00fbl\u00e9s, Ch\u00e2teau des Marres \u00bb, Saint-Tropez Discovery, n\u00b09, 2017<\/p>\n<p>\u00ab Les Arbres Br\u00fbl\u00e9s, Ch\u00e2teau des Marres : Philippe Pastor s\u2019engage \u00bb, Monaco Madame, 17 juillet 2017<\/p>\n<p>\u00ab Philippe Pastor, une v\u00e9ritable nature artistique \u00bb, Arts Magazine International, n\u00b010, Septembre 2017<\/p>\n<p>\u00ab L\u2019art de la nature \u00bb, Yves Rocher, Act Beautiful, n\u00b01, 2017<\/p>\n<p>\u00ab Artiste \u00ab d\u2019utilit\u00e9 publique \u00bb \u00bb, Le Journal de Meg\u00e8ve, F\u00e9vrier 2017<\/p>\n<p><strong>2016<\/strong><\/p>\n<p>\u00ab Monaco Modern\u2019Art. Les Arbres Br\u00fbl\u00e9s de Philippe Pastor \u00bb, COTE magazine, Et\u00e9 2016<\/p>\n<p>\u00ab Les Arbres Br\u00fbl\u00e9s \u00bb de Philippe Pastor d\u00e9barquent \u00e0 Monaco \u00bb, monaco-matin, 7 juillet 2016<\/p>\n<p>\u00ab Philippe Pastor. Au plus pr\u00e8s de son Arbre \u00bb, RIVIERA MAGAZINE, N\u00b075, Juillet-Ao\u00fbt 2016<\/p>\n<p>\u00ab Philippe Pastor, l\u2019artiste mon\u00e9gasque engag\u00e9 \u00bb, Lib\u00e9ration, 8 juillet 2016<\/p>\n<p>\u00ab Philippe Pastor \u00ab The Burned Trees \u00bb \u00bb, ONLY MAGAZINE, N\u00b07, 2016\/2017<\/p>\n<p>\u00ab Da Singapore a New York, a Monte-Carlo giunge l\u2019esposizione \u00ab Arbres Br\u00fbl\u00e9s \u00bb dell\u2019artista Philippe Pastor \u00bb, MonteCarloNews, 7 juillet 2016<\/p>\n<p>\u00ab Le Opere di Philippe Pastor al Grimaldi Forum \u00bb, Radio Monte Carlo, Juin 2016<\/p>\n<p>\u00ab Philippe Pastor: \u00ab Les Arbres Br\u00fbl\u00e9s \u00bb expos\u00e9s sur l\u2019esplanade du Grimaldi Forum \u00bb, 14 juin 2016<\/p>\n<p>\u00ab L\u2019Exposition Bleu Pastor \u00e0 la Galerie Monaco Modern\u2019Art \u00bb, Monaco madame, 12 avril 2016<\/p>\n<p><a href=\"http:\/\/www.performarts.net\/performarts\/index.php?option=com_content&amp;view=article&amp;id=2253:pastor&amp;catid=10:entretien&amp;Itemid=14\" target=\"_blank\" rel=\"noopener\">\u00ab Un Artiste Engag\u00e9 \u00bb, performaArts, 4 janvier 2016<\/a><\/p>\n<p><strong>2015<\/strong><\/p>\n<p>\u00ab Philippe Pastor marginal \u00e0 l\u2019\u0153uvre \u00bb, Caroline Mangez, Paris Match, 8-14 octobre 2015<\/p>\n<p>\u00ab L\u2019Exposition universelle de Milan d\u00e9marre\u2026 \u00e0 Monaco \u00bb, C\u00e9dric Verany, Nice Matin, le 23 avril 2015<\/p>\n<p>\u00ab Un aper\u00e7u du Pavillon Monaco avant l\u2019Exposition Universelle de Milan \u00bb, Jimmy Boursicot, Radio Monaco, le 23 avril 2015<\/p>\n<p>\u00ab Philippe Pastor al Padiglione di Monaco \u00bb, Monte Carlo In, le 22 avril 2015<\/p>\n<p>\u00ab Basta \u00bb Philippe Pastor, <a href=\"http:\/\/www.thefreefreaks.com\" target=\"_blank\" rel=\"noopener\">Free Freaks<\/a> #5, D\u00e9but 2015<\/p>\n<p><strong>2014<\/strong><\/p>\n<p>\u00ab La signature d\u2019un partenariat monegasque \u00bb, Nice Matin, 29 novembre 2014<\/p>\n<p>\u00ab Nicolas Hulot et Philippe Pastor. 10 000 Arbres pour Madagascar \u00bb, Paris-Match, 27 novembre 2014<\/p>\n<p>\u00ab Philippe Pastor e Nicolas Hulot \u00e0 Paris \u00bb, Nice Matin, 27 novembre 2014<\/p>\n<p><a href=\"http:\/\/www.le360.ma\/fr\/culture\/en-images-le-vernissage-de-philippe-pastor-a-la-galerie-38-23687\" target=\"_blank\" rel=\"noopener\">\u00ab En images : le vernissage de Philippe Pastor \u00e0 la Galerie 38 \u00bb<\/a>, le360.ma, 24 octobre 2014<\/p>\n<p>\u00ab Avec le Temps \u00bb tout finit par arriver, Aujourd\u2019hui le Maroc, 23 octobre 2014<\/p>\n<p>\u00ab Avec le Temps \u00bb de Philippe Pastor pour la premi\u00e8re fois au Maroc, Le Matin, 9 octobre 2014<\/p>\n<p>\u00ab La mar\u00e9e je l\u2019ai dans le coeur \u00bb, JUNKPAGE, n\u00b015, septembre 2014<\/p>\n<p>\u00ab Philippe Pastor. Artiste engag\u00e9 \/ An artist with a conscience \u00bb, COTE Magazine, Ao\u00fbt 2014<\/p>\n<p>\u00ab Philippe Pastor, l\u2019art au service de la nature \u00bb, Nice-Matin, Sunday 3 August 2014; Var-Matin, Dimanche 10 Ao\u00fbt<\/p>\n<p>\u00ab Galerie Monaco Modern\u2019Art. Philippe Pastor \u00bb, COTE Magazine, juillet 2014<\/p>\n<p>\u00ab Philippe Pastor. De nouveaux territoires \u00bb, COTE Magazine, mai 2014<\/p>\n<p>Paris Match Agenda, 24th April 2014<\/p>\n<p>Philippe Pastor \u2013 Interview, L.I.ART, 19 mars 2014<\/p>\n<p>\u00ab <a href=\"https:\/\/www.philippe-pastor.com\/wp-content\/uploads\/2013\/10\/L.I.-ART-AZUL-TIERRA-02-01-2014-.pdf\" target=\"_blank\" rel=\"noopener\">Philippe Pastor. First opening in Barcelona<\/a> \u00bb, L.I. ART, 2 janvier 2014<\/p>\n<p><strong>2013<\/strong><\/p>\n<p>\u00ab El \u00c9xito de un empresario convertido en artista \u00bb, El Mundo \u2013 novembre 2013<\/p>\n<p>&nbsp;\u00ab El monegasco Philippe Pastor expone en Barcelona \u00bb &nbsp;La Vanguardia \u2013 novembre 2013<\/p>\n<p>\u00ab Philippe Pastor investit le Like Art Festival \u00bb, NICE MATIN \u2013 7 ao\u00fbt 2013<\/p>\n<p>\u00ab Philippe Pastor, De nouveaux territoires \u00bb, ART\u2019S VICE \u2013 Dossier sp\u00e9cial Monaco \u2013 Et\u00e9 2013<\/p>\n<p>\u00ab Le feu de la passion, les braises de la m\u00e9moire \u00bb, TELERAMA \u2013 Suppl\u00e9ment c\u00f4te d\u2019azur \u2013 juin 2013<\/p>\n<p><strong>2012<\/strong><\/p>\n<p>\u00ab Philippe Pastor, un homme en col\u00e8re \u00bb, ART MONACO MAGAZINE, Special Edition,Printemps-Et\u00e9 2012, Monaco \u00ab Philippe Pastor \u00bb, COLLECTOR 2012, No. 1, Le Bourget de Lac, France<\/p>\n<p><strong>2011<\/strong><\/p>\n<p>Alexandra Marini, \u00ab Philippe Pastor, ses engagements \u00bb, Art Actuel, Paris, N\u00b0 75, juillet-ao\u00fbt 2011, p. 87-89.<\/p>\n<p><a href=\"https:\/\/www.artcotedazur.fr\/artistes,181\/art-contemporain,183\/philippe-pastor,4614.html?lang=fr\" target=\"_blank\" rel=\"noopener\">Rodolphe Cosimi, \u00ab Philippe Pastor \u00bb, Art Cote d\u2019Azur<\/a>, N\u00b0 3559, juillet 2011, p. 34-35.<\/p>\n<p>Isabelle L\u00e9ouffre, \u00ab Les R\u00e9volutions de la Terre \u00bb, Parismatch.com, le 24 mai 2011<\/p>\n<p>Alexandra Marini \u00ab Philippe Pastor, Discovery \u00bb, Saint-Tropez, N\u00b03, 2011, p. 88-91.<\/p>\n<p>Alexandra Marini, \u00ab Philippe Pastor, R\u00e9volution \u00bb, Luxe Immo, Monaco, N\u00b010, mai 2011, p. 40-43.<\/p>\n<p>\u00ab Philippe Pastor au Ch\u00e2teau des Marres \u00bb, Le Trop\u00e9zien, Saint-Tropez, N\u00b071, mai-juin 2011, p.7.<\/p>\n<p>Alexandra Marini, \u00ab Philippe Pastor, les Arbres Br\u00fbl\u00e9s \u00bb, Collector de Saint-Tropez, Saint-Tropez, N\u00b09, p. 52.<\/p>\n<p><strong>2010<\/strong><\/p>\n<p>Marie Maertens, \u00ab Monaco sur le devant de la sc\u00e8ne \u00bb, Connaissance des Arts, Paris, N\u00b0 687, novembre 2010, p. 133-138.<\/p>\n<p>Alexandra Marini, \u00ab Philippe Pastor, The Hearts \u00bb, artreview, Power 100.<\/p>\n<p>Alexandra Marini, &nbsp;\u00ab Philippe Pastor, H20 \u00bb, arts and collections, automne 2010.<\/p>\n<p>Alexandra Marini, &nbsp;\u00ab Philippe Pastor, Les Quatre Saisons \u00bb, ARCA International, novembre 2010.<\/p>\n<p>Alexandra Marini, &nbsp;\u00ab Philippe Pastor, Les Quatre Saisons \u00bb, www.artcotedazur.fr.<\/p>\n<p>Alexandra Marini, &nbsp;\u00ab Philippe Pastor, Les Quatre Saisons \u00bb, Luxe Immo, novembre 2010.<\/p>\n<p>Alexandra Marini, \u00ab Philippe Pastor, H20 \u00bb Glow Magazine.<\/p>\n<p>Alexandra Marini, &nbsp;\u00ab Philippe Pastor, H20 \u00bb www.artcotedazur.fr.<\/p>\n<p>Val\u00e9rie Penven, \u00ab Polo &amp; Art, Les sentiers de la sculpture \u00bb, Luxe Immo, Monaco, N\u00b0 3, juillet-ao\u00fbt 2010, p. 29-31.<\/p>\n<p>Alexandra Marini, \u00ab When Culture goes green \u00bb, Arts &amp; Collections International, London, New York, Spring 2010, p. 40-41.<\/p>\n<p>C\u00e9dric Verany, \u00ab Art Monaco fait salon au Grimaldi Forum \u00bb, Monaco Matin, Monaco, N\u00b0 22676, le 30 avril 2010.<\/p>\n<p>Alexandra Marini, \u00ab Philippe Pastor, invit\u00e9 d\u2019honneur d\u2019ArtMonaco\u201910. Entretien avec Philippe Pastor \u00bb, Art C\u00f4te d\u2019Azur, www.artcotedazur.fr, le 15 avril 2010.<\/p>\n<p>Alexandra Marini, \u00ab Philippe Pastor, Les Quatre Saisons \u00bb, Luxe Immo, Monaco, N\u00b0 2, marsavril 2010, p. 14-16.<\/p>\n<p>\u00ab Art Monaco\u201910 \u00bb, Arca International, Monaco, N\u00b0 93, mars-avril 2010, p. 129.<\/p>\n<p>Val\u00e9rie Penven, \u00ab Les Sentiers de la Sculpture \u00bb, Open Magazine, Gen\u00e8ve, f\u00e9vrier-mars 2010, p. 108.<\/p>\n<p>Giacomo Zaza, \u00ab Philippe Pastor, Le Ciel regarde la Terre \u00bb, Luxe Immo, Monaco, N\u00b0 1, janvier-f\u00e9vrier 2010, p. 49-51.<\/p>\n<p><strong>2009<\/strong><\/p>\n<p>Alexandra Marini, \u00ab Philippe Pastor, r\u00e9trospective \u00bb, Beaux-Arts Magazine, Paris, N\u00b0 306, d\u00e9cembre 2009, p. 151.<\/p>\n<p>Virginie Bernard, Kira, \u00ab Encounter with Philippe Pastor \u00bb, Arcoolmag, Bucarest, N\u00b0 0, hiver 2009, p. 22-23.<\/p>\n<p>Dominique Boin, \u00ab Philippe Pastor, Le Ciel regarde la Terre\u2026 et Venise \u00bb, Sur la Terre, Saint-Tropez, \u00e9t\u00e9 2009, p. 31-32.<\/p>\n<p>\u00ab Philippe Pastor \u00bb, City Monaco, Monaco, N\u00b0 1, \u00e9t\u00e9 2009, p. 24-27.<\/p>\n<p>Tiziana Pastor, \u00ab Le Ciel regarde la Terre \u00bb, Glow Magazine, N\u00b0 7, San Remo, juillet 2009, p. 92-96.<\/p>\n<p>\u00ab Venise : Philippe Pastor porte les couleurs mon\u00e9gasques \u00bb, La Gazette de Monaco, Monaco, N\u00b0 425, juin-juillet 2009, p. 31.<\/p>\n<p>J\u00e9r\u00f4me L\u00e9vy, \u00ab Philippe Pastor, Un oeil sur la terre \u00bb, Sud \u00e0 la carte, Marseille, Toulon, Nice, Monaco, N\u00b0 27, juin- juillet 2009, p. 8.<\/p>\n<p>Philippe Degenne, \u00ab Je suis plus l\u00e0 pour peindre que pour discuter \u00bb, Monaco Hebdo, Monaco, N\u00b0 656, du 5 au 10 juin 2009, p. 18-19.<\/p>\n<p>Francesca Graziano, \u00ab L\u2019Arte ecologista di Pastor conquista la Biennale di Venezia \u00bb, Il Seccolo XIX, Italy, le 11 juin 2009.<\/p>\n<p>Alessandra Artale, \u00ab L\u2019Arte che ama l\u2019ambiente \u00bb, Il mattino di padova, Italie, le 9 juin 2009.<\/p>\n<p>Francesca Graziano, \u00ab A Venezia l\u2019arte militante di Pastor \u00bb, Il Seccolo XIX, juin 2009.<\/p>\n<p>Francesca Graziano, \u00ab Monaco alla Biennale con le opere di Pastor \u00bb, Il Seccolo XIX, Italie, le 4 juin 2009.<\/p>\n<p>Maria Grazia Meda, \u00ab Principato di Monaco, Philippe Pastor \u00bb, Uomo Vogue, Milano, maijuin 2009, p. 182.<\/p>\n<p>Isabelle Leouffre, \u00ab Philippe Pastor porte le Flambeau de Monaco \u00bb, Levallois-Perret, N\u00b0 3132, du 28 mai au 3 juin 2009, p. 28.<\/p>\n<p>\u00ab 53e Biennale de Venise \u00bb, Arca International, Monaco, N\u00b0 88, mai-juin 2009, p. 118.<\/p>\n<p>Alexandra Marini, \u00ab Philippe Pastor, Pavillon haut \u00bb, Art Actuel, Paris, N\u00b0 62, mai-juin 2009, p. 34-35.<\/p>\n<p>Cedric Verany, \u00ab Biennale de Venise, Philippe Pastor en rouge et blanc \u00bb, Nice Matin, Nice, le 30 mai 2009, p. 10.<\/p>\n<p>Francesca Graziano, \u00ab A Venezia l\u2019arte militante di Philippe Pastor \u00bb, Secolo XIX, Italie, le 14 mai 2009.<\/p>\n<p>Mjryam Cant\u00f9, \u00ab Biennale di Venezia : benvenuta Monaco ! \u00bb, Il Foglio, Monte Carlo, N\u00b0 121, mai 2009, p. 46.<\/p>\n<p>Lucie Agache, \u00ab Philippe Pastor, artiste de la Principaut\u00e9 de Monaco \u00e0 la Biennale de Venise \u00bb, Connaissance des Arts, www.connaissancedesarts.com, le 24 mars 2009.<\/p>\n<p>Virginie Bernard, \u00ab Art et environnement \u00bb, Glow Magazine, Monaco, N\u00b0 1, p. 130-131.<\/p>\n<p>Virginie Bernard, \u00ab Art et Environnement \u00bb, Monaco Ecologie, Monaco, janvier 2009, p. 24-25.<\/p>\n<p>Cristina Pacciani, \u00ab Per fare un albero \u00bb, ideAmbiente, Roma, N\u00b0 40, d\u00e9cembre-janvier 2008- 2009.<\/p>\n<p><strong>2008<\/strong><\/p>\n<p>\u00ab Le Regard de Pastor \u00bb, Elle C\u00f4te d\u2019azur, Levallois-Perret, juin 2008.<\/p>\n<p>Dominique Boin, \u00ab L\u2019art se mobilise pour la plan\u00e8te : Philippe Pastor \u00bb, Sur la Terre, Saint- Tropez, juin 2008, p. 52 \u00e0 54.<\/p>\n<p>Caroline Audert, \u00ab Nouvel art brut ou Plaidoirie pour la Terre ? \u00bb, Riviera Magazine, Cannes, N\u00b0 40, mai-juin 2008, p. 156-157.<\/p>\n<p>\u00ab Philippe Pastor \u00e0 la Galerie Monaco Modern Art \u00bb, City Magazine, Monaco, N\u00b0 27, printemps 2008, p. 14 \u00e0 17.<\/p>\n<p>\u00ab Les arbres au chevet de la plan\u00e8te \u00bb, Var Matin, Sainte-Maxime, Saint-Tropez, N\u00b0 21938, p. 10.<\/p>\n<p>\u00ab Conscience environnementale \u00e0 Monaco \u00bb, Arca International, Monaco, mars-avril 2008.<\/p>\n<p>\u00ab Philippe Pastor, Visages reconstitu\u00e9s \u00bb, Le Parisien, Saint-Ouen, le 22 mars 2008.<\/p>\n<p>\u00ab Philippe Pastor \u00bb, Gala, Paris, N\u00b0 771, mars 2008, p. 167.<\/p>\n<p>\u00ab Melting Ice, A hot topic \u00bb, La Gazette de Monaco, Monaco, N\u00b0 410, f\u00e9vrier-mars 2008, p. 5.<\/p>\n<p>\u00ab Du M\u00e9tropole au Kenya \u00bb, Monaco Hebdo, Monaco, N\u00b0 595, du 21 au 27 f\u00e9vrier 2008, p. 9.<\/p>\n<p>Jo\u00eblle Deviras, \u00ab Quarante artistes mordus d\u2019environnement \u00bb, Monaco Matin, Nice, N\u00b0 21880, le 20 f\u00e9vrier 2008.<\/p>\n<p>Laura Mercagli, \u00ab Artisti che scottano \u00bb, Corriere della costa azzura, Drap, N\u00b0 59, febraio 2008, p. 10.<\/p>\n<p>\u00ab Entretien avec Philippe Pastor \u00bb, Monaco Ecology, Monaco, N\u00b0 1, f\u00e9vrier 2008, p. 42.<\/p>\n<p>Tiziana Pastor, \u00ab Regards di Philippe Pastor, Manuella Ferr\u00e9, Stefano Bombardieri \u00bb, Glow Magazine, San Remo, janvier 2008, p. 82-85.<\/p>\n<p><strong>2007<\/strong><\/p>\n<p>\u00ab Galerie Monaco Modern Art : Philippe Pastor \u00bb, Elle C\u00f4te d\u2019Azur, Cannes, le 22 octobre 2007.<\/p>\n<p>\u00ab Philippe Pastor : de Venise \u00e0 Monaco \u00bb, Glow Magazine, San Remo, N\u00b0 2, septembre 2007, p. 74 -101.<\/p>\n<p>\u00ab Magique Rencontre \u00bb, Marie-Claire, ao\u00fbt 2007, p. 236. Daniela Borghi, \u201cPigna contro gli incendi\u201d, La Stampa, 8 juillet 2007.<\/p>\n<p>J\u00e9r\u00f4me L\u00e9vy, \u00ab Philippe Pastor \u00bb, Sud \u00e0 la Carte, Marseille, Toulon, Nice, Monaco, N\u00b0 17, juillet-ao\u00fbt 2007.<\/p>\n<p>\u00ab Philippe Pastor, free expressions \u00bb, Monaco Seaside, Spring Summer 2007, p. 30-34. \u00ab Philippe Pastor \u00bb, Gala, Paris, N\u00b0 727, le 16 mai 2007, p. 120.<\/p>\n<p>Isabelle Leouffre, \u00ab Philippe Pastor fait revivre les arbres \u00bb, Paris Match, Levallois-Perret, N\u00b0 3026, le 15 mai 2007, p. 25.<\/p>\n<p>\u00ab Garden City to get 100 000 more trees \u00bb, The Straits Time, le 18 avril 2007, p. 3.<\/p>\n<p>H\u00e9l\u00e8ne Navarro, \u00ab L\u2019arbre au coeur de l\u2019environnement \u00bb, Air du Sud, Nice, N\u00b0 9, p. 1-3.<\/p>\n<p>\u00ab Portrait : Philippe Pastor fait feu de tout bois \u00bb, Passerelles Magazine, N\u00b0 41, janvier 2007, p. 14.<\/p>\n<p><strong>2006<\/strong><\/p>\n<p>\u00ab Cinema, musica e arte : il Principato sposa Venezia \u00bb, Corriere del Veneto, Venezia e Mestre, le 10 novembre 2006.<\/p>\n<p>Lidia Panzeri, \u00ab La Biennale premia la sfida di Bogota \u00bb, Il Gazzetino, Cultura &amp; Spettacoli, le 9 novembre 2006, p. 15.<\/p>\n<p>\u00ab Les Arbres br\u00fbl\u00e9s de Philippe Pastor \u00bb, Marie-Claire Provence C\u00f4te d\u2019Azur, Issy-Les-Moulineaux, ao\u00fbt 2006.<\/p>\n<p>Jean-Pierre Nembrini, \u00ab Philippe Pastor, un homme r\u00e9volt\u00e9, un artiste combatif \u00bb, Pure, Saint-Tropez, juillet 2006, p. 79-81.<\/p>\n<p>\u00ab Philippe Pastor s\u2019enflamme \u00bb, Var Matin, Nice, le 9 juillet 2006.<\/p>\n<p>Nicole Laffont, \u00ab Un peu qui veut dire beaucoup \u00bb, Nice Matin, Nice, le 30 juin 2006, p. 3.<\/p>\n<p>Jordan Pouille, \u00ab Philippe Pastor, Les Arbres br\u00fbl\u00e9s partent pour l\u2019Afrique \u00bb, Var Matin, Nice, le 14 janvier 2006.<\/p>\n<p><strong>2005<\/strong><\/p>\n<p>Adina Stefan, \u00ab Expozitia de pictura Philippe Pastor \u00bb, Romania Libera, le 3 novembre 2005, p. 29.<\/p>\n<p>Wendy Bouchard, \u00ab Philippe Pastor, Des Arbres br\u00fbl\u00e9s ressuscit\u00e9s \u00bb, Var Matin, Nice, le 5 juillet 2005.<\/p>\n<p>Marino Colacciani, \u00ab Marotta e Pastor in piazza di Spagna \u00bb, Il Tempo, Roma, le 5 f\u00e9vrier 2005, p. 42.<\/p>\n<p><strong>2004<\/strong><\/p>\n<p>Ma\u00efa de Martrin, \u00ab Philippe Pastor, peintre de l\u2019\u00e2me \u00bb, Art Jonction, N\u00b0 5, mai-juin 2004, p. 27.<\/p>\n<p><strong>2003<\/strong><\/p>\n<p>Nicolas Charlet, \u00ab Philippe Pastor, L\u2019ivresse de la beaut\u00e9 \u00bb, Sur la Terre, Saint-Tropez, N\u00b0 20, \u00e9t\u00e9 2003, p. 48-49.<\/p>\n<p>Charlotte Otto Bruc, \u00ab Art Basel Miami, What is sure to be the hottest contemporary fair in America \u00bb, Tendance International, N\u00b0 14, mars 2003, p. 5.<\/p>\n<p>Shawn Bean, \u00ab Pastor\u2019s present \u00bb, Florida International, N\u00b0 6, f\u00e9vrier 2003, p. 28-31.<\/p>\n<p><strong>2002<\/strong><\/p>\n<p>\u00ab L\u2019Art et la Mati\u00e8re \u00bb, Var Matin, Nice, le 7 ao\u00fbt 2002. \u00ab La cit\u00e9 des peintres m\u00e9rite bien son nom \u00bb, Riviera Magazine, Cannes, juillet-ao\u00fbt 2002, p. 17.<\/p>\n<\/div><\/section><\/div>\n","protected":false},"excerpt":{"rendered":"","protected":false},"author":6,"featured_media":0,"parent":0,"menu_order":0,"comment_status":"closed","ping_status":"closed","template":"","meta":{"ngg_post_thumbnail":0,"footnotes":""},"class_list":["post-6900","page","type-page","status-publish","hentry"],"_links":{"self":[{"href":"https:\/\/www.philippe-pastor.com\/fr\/wp-json\/wp\/v2\/pages\/6900","targetHints":{"allow":["GET"]}}],"collection":[{"href":"https:\/\/www.philippe-pastor.com\/fr\/wp-json\/wp\/v2\/pages"}],"about":[{"href":"https:\/\/www.philippe-pastor.com\/fr\/wp-json\/wp\/v2\/types\/page"}],"author":[{"embeddable":true,"href":"https:\/\/www.philippe-pastor.com\/fr\/wp-json\/wp\/v2\/users\/6"}],"replies":[{"embeddable":true,"href":"https:\/\/www.philippe-pastor.com\/fr\/wp-json\/wp\/v2\/comments?post=6900"}],"version-history":[{"count":0,"href":"https:\/\/www.philippe-pastor.com\/fr\/wp-json\/wp\/v2\/pages\/6900\/revisions"}],"wp:attachment":[{"href":"https:\/\/www.philippe-pastor.com\/fr\/wp-json\/wp\/v2\/media?parent=6900"}],"curies":[{"name":"wp","href":"https:\/\/api.w.org\/{rel}","templated":true}]}}