{"id":5954,"date":"2018-04-16T21:44:39","date_gmt":"2018-04-16T20:44:39","guid":{"rendered":"https:\/\/www.philippe-pastor.com\/?page_id=5954"},"modified":"2019-05-10T12:03:29","modified_gmt":"2019-05-10T11:03:29","slug":"home-2","status":"publish","type":"page","link":"https:\/\/www.philippe-pastor.com\/fr\/","title":{"rendered":"Home page 2"},"content":{"rendered":"<\/div><\/div><\/div><!-- close content main div --><\/div><\/div><div id='full_slider_1' class='avia-fullwidth-slider main_color avia-shadow  av-mini-hide   container_wrap sidebar_right'   ><div  data-size='featured_large'  data-lightbox_size='large'  data-animation='fade'  data-ids='7337,7332,7327,7322'  data-video_counter='0'  data-autoplay='true'  data-bg_slider='false'  data-slide_height=''  data-handle='av_slideshow_full'  data-interval='6'  data-class=' '  data-css_id=''  data-scroll_down=''  data-control_layout='av-control-minimal'  data-custom_markup=''  data-perma_caption=''  data-autoplay_stopper=''  data-image_attachment=''  data-min_height='0px'  data-src=''  data-position='top left'  data-repeat='no-repeat'  data-attach='scroll'  data-stretch=''  data-default-height='42'  class='avia-slideshow avia-slideshow-1  av-control-minimal av-default-height-applied avia-slideshow-featured_large av_slideshow_full   avia-fade-slider '  itemprop=\"ImageObject\" itemscope=\"itemscope\" itemtype=\"https:\/\/schema.org\/ImageObject\" ><ul class='avia-slideshow-inner' style='padding-bottom: 33.358042994811%;'><li  class=' slide-1 ' ><a href='https:\/\/www.philippe-pastor.com\/fr\/peintures\/avec-le-temps\/' data-rel='slideshow-1' class='avia-slide-wrap'  ><div class = \"caption_fullwidth av-slideshow-caption caption_bottom\"><div class = \"container caption_container\"><div class = \"slideshow_caption\"><div class = \"slideshow_inner_caption\"><div class = \"slideshow_align_caption\"><h2  style='color:#ffffff; ' class='avia-caption-title '  itemprop=\"name\" >Philippe PASTOR, \u00ab Avec le Temps \u00bb<\/h2><div class='avia-caption-content  av_inherit_color'  itemprop=\"description\"   style='color:#ffffff; '><p>(14 056 ALT), 182x309cm (photo: Christine Cadoni)<\/p>\n<\/div><\/div><\/div><\/div><\/div><\/div><img src='https:\/\/www.philippe-pastor.com\/wp-content\/uploads\/2018\/05\/slide-avec-le-temps.jpeg' width='1349' height='450' title='Galerie De Jonckheere vue installation inaugurale' alt=''  itemprop=\"thumbnailUrl\"   \/><\/a><\/li><li  class=' slide-2 ' ><a href='https:\/\/www.philippe-pastor.com\/fr\/basta\/' data-rel='slideshow-1' class='avia-slide-wrap'  ><div class = \"caption_fullwidth av-slideshow-caption caption_bottom\"><div class = \"container caption_container\"><div class = \"slideshow_caption\"><div class = \"slideshow_inner_caption\"><div class = \"slideshow_align_caption\"><h2  style='color:#ffffff; ' class='avia-caption-title '  itemprop=\"name\" >Philippe PASTOR, \u00ab BASTA \u00bb<\/h2><\/div><\/div><\/div><\/div><\/div><img src='https:\/\/www.philippe-pastor.com\/wp-content\/uploads\/2018\/05\/slide-basta.jpeg' width='1349' height='450' title='Galerie De Jonckheere vue installation inaugurale' alt=''  itemprop=\"thumbnailUrl\"   \/><\/a><\/li><li  class=' slide-3 ' ><a href='https:\/\/www.philippe-pastor.com\/fr\/blog\/les-arbres-brules-chateau-des-marres\/' data-rel='slideshow-1' class='avia-slide-wrap'  ><div class = \"caption_fullwidth av-slideshow-caption caption_bottom\"><div class = \"container caption_container\"><div class = \"slideshow_caption\"><div class = \"slideshow_inner_caption\"><div class = \"slideshow_align_caption\"><h2  style='color:#ffffff; ' class='avia-caption-title '  itemprop=\"name\" >Philippe PASTOR, \u00ab Les Arbres Br\u00fbl\u00e9s \u00bb,<\/h2><div class='avia-caption-content  av_inherit_color'  itemprop=\"description\"   style='color:#ffffff; '><p>Chateau des Marres, Ramatuelle, Golfe de Saint-Tropez (photo: Christine Cadoni)<\/p>\n<\/div><\/div><\/div><\/div><\/div><\/div><img src='https:\/\/www.philippe-pastor.com\/wp-content\/uploads\/2018\/05\/slide-arbres-brules.jpeg' width='1349' height='450' title='Galerie De Jonckheere vue installation inaugurale' alt=''  itemprop=\"thumbnailUrl\"   \/><\/a><\/li><li  class=' slide-4 ' ><a href='https:\/\/www.philippe-pastor.com\/fr\/blog\/exposition-rencontre-de-maitres\/' data-rel='slideshow-1' class='avia-slide-wrap'  ><div class = \"caption_fullwidth av-slideshow-caption caption_bottom\"><div class = \"container caption_container\"><div class = \"slideshow_caption\"><div class = \"slideshow_inner_caption\"><div class = \"slideshow_align_caption\"><h2  style='color:#000000; ' class='avia-caption-title '  itemprop=\"name\" >Exposition \u00ab Rencontre de Ma\u00eetres \u00bb,<\/h2><div class='avia-caption-content  av_inherit_color'  itemprop=\"description\"   style='color:#000000; '><p>De Jonckheere Monaco<\/p>\n<\/div><\/div><\/div><\/div><\/div><\/div><img src='https:\/\/www.philippe-pastor.com\/wp-content\/uploads\/2018\/05\/SlideRencontre-de-Maitres_DE-JONCKHEERE.jpeg' width='1349' height='450' title='Galerie De Jonckheere vue installation inaugurale' alt=''  itemprop=\"thumbnailUrl\"   \/><\/a><\/li><\/ul><div class='avia-slideshow-arrows avia-slideshow-controls'><a href='#prev' class='prev-slide' aria-hidden='true' data-av_icon='\ue87c' data-av_iconfont='entypo-fontello'>Pr\u00e9c\u00e9dent<\/a><a href='#next' class='next-slide' aria-hidden='true' data-av_icon='\ue87d' data-av_iconfont='entypo-fontello'>Suivant<\/a><\/div><div class='avia-slideshow-dots avia-slideshow-controls'><a href='#1' class='goto-slide active' >1<\/a><a href='#2' class='goto-slide ' >2<\/a><a href='#3' class='goto-slide ' >3<\/a><a href='#4' class='goto-slide ' >4<\/a><\/div><\/div><\/div>\n<\/div><\/div><\/div><!-- close content main div --><\/div><\/div><div id='full_slider_2' class='avia-fullwidth-slider main_color avia-shadow  av-desktop-hide av-medium-hide av-small-hide   container_wrap sidebar_right'   ><div  data-size='featured'  data-lightbox_size='large'  data-animation='fade'  data-ids='7337,7332,7327,7322'  data-video_counter='0'  data-autoplay='true'  data-bg_slider='false'  data-slide_height=''  data-handle='av_slideshow_full'  data-interval='6'  data-class=' image_no_stretch'  data-css_id=''  data-scroll_down=''  data-control_layout='av-control-minimal'  data-custom_markup=''  data-perma_caption=''  data-autoplay_stopper=''  data-image_attachment=''  data-min_height='200px'  data-src=''  data-position='top left'  data-repeat='no-repeat'  data-attach='scroll'  data-stretch='image_no_stretch'  data-default-height='28.666666666667'  class='avia-slideshow avia-slideshow-2  av-control-minimal av-default-height-applied avia-slideshow-featured av_slideshow_full  image_no_stretch avia-fade-slider '  itemprop=\"ImageObject\" itemscope=\"itemscope\" itemtype=\"https:\/\/schema.org\/ImageObject\" ><ul class='avia-slideshow-inner' style='padding-bottom: 31.875463306153%;'><li  class=' slide-1 ' ><a href='https:\/\/www.philippe-pastor.com\/fr\/peintures\/avec-le-temps\/' data-rel='slideshow-2' class='avia-slide-wrap'  ><div class = \"caption_fullwidth av-slideshow-caption caption_bottom\"><div class = \"container caption_container\"><div class = \"slideshow_caption\"><div class = \"slideshow_inner_caption\"><div class = \"slideshow_align_caption\"><h2  style='color:#ffffff; ' class='avia-caption-title '  itemprop=\"name\" >Philippe PASTOR, \u00ab Avec le Temps \u00bb<\/h2><div class='avia-caption-content  av_inherit_color'  itemprop=\"description\"   style='color:#ffffff; '><p>(14 056 ALT), 182x309cm (photo: Christine Cadoni)<\/p>\n<\/div><\/div><\/div><\/div><\/div><\/div><img src='https:\/\/www.philippe-pastor.com\/wp-content\/uploads\/2018\/05\/slide-avec-le-temps-1349x430.jpeg' width='1349' height='430' title='Galerie De Jonckheere vue installation inaugurale' alt=''  itemprop=\"thumbnailUrl\"  style='min-height:200px; min-width:628px; ' \/><\/a><\/li><li  class=' slide-2 ' ><a href='https:\/\/www.philippe-pastor.com\/fr\/basta\/' data-rel='slideshow-2' class='avia-slide-wrap'  ><div class = \"caption_fullwidth av-slideshow-caption caption_bottom\"><div class = \"container caption_container\"><div class = \"slideshow_caption\"><div class = \"slideshow_inner_caption\"><div class = \"slideshow_align_caption\"><h2  style='color:#ffffff; ' class='avia-caption-title '  itemprop=\"name\" >Philippe PASTOR, \u00ab BASTA \u00bb<\/h2><\/div><\/div><\/div><\/div><\/div><img src='https:\/\/www.philippe-pastor.com\/wp-content\/uploads\/2018\/05\/slide-basta-1349x430.jpeg' width='1349' height='430' title='Galerie De Jonckheere vue installation inaugurale' alt=''  itemprop=\"thumbnailUrl\"  style='min-height:200px; min-width:628px; ' \/><\/a><\/li><li  class=' slide-3 ' ><a href='https:\/\/www.philippe-pastor.com\/fr\/blog\/les-arbres-brules-chateau-des-marres\/' data-rel='slideshow-2' class='avia-slide-wrap'  ><div class = \"caption_fullwidth av-slideshow-caption caption_bottom\"><div class = \"container caption_container\"><div class = \"slideshow_caption\"><div class = \"slideshow_inner_caption\"><div class = \"slideshow_align_caption\"><h2  style='color:#ffffff; ' class='avia-caption-title '  itemprop=\"name\" >Philippe PASTOR, \u00ab Les Arbres Br\u00fbl\u00e9s \u00bb,<\/h2><div class='avia-caption-content  av_inherit_color'  itemprop=\"description\"   style='color:#ffffff; '><p>Chateau des Marres, Ramatuelle, Golfe de Saint-Tropez (photo: Christine Cadoni)<\/p>\n<\/div><\/div><\/div><\/div><\/div><\/div><img src='https:\/\/www.philippe-pastor.com\/wp-content\/uploads\/2018\/05\/slide-arbres-brules-1349x430.jpeg' width='1349' height='430' title='Galerie De Jonckheere vue installation inaugurale' alt=''  itemprop=\"thumbnailUrl\"  style='min-height:200px; min-width:628px; ' \/><\/a><\/li><li  class=' slide-4 ' ><a href='https:\/\/www.philippe-pastor.com\/fr\/blog\/exposition-rencontre-de-maitres\/' data-rel='slideshow-2' class='avia-slide-wrap'  ><div class = \"caption_fullwidth av-slideshow-caption caption_bottom\"><div class = \"container caption_container\"><div class = \"slideshow_caption\"><div class = \"slideshow_inner_caption\"><div class = \"slideshow_align_caption\"><h2  style='color:#000000; ' class='avia-caption-title '  itemprop=\"name\" >Exposition \u00ab Rencontre de Ma\u00eetres \u00bb,<\/h2><div class='avia-caption-content  av_inherit_color'  itemprop=\"description\"   style='color:#000000; '><p>De Jonckheere Monaco<\/p>\n<\/div><\/div><\/div><\/div><\/div><\/div><img src='https:\/\/www.philippe-pastor.com\/wp-content\/uploads\/2018\/05\/SlideRencontre-de-Maitres_DE-JONCKHEERE-1349x430.jpeg' width='1349' height='430' title='Galerie De Jonckheere vue installation inaugurale' alt=''  itemprop=\"thumbnailUrl\"  style='min-height:200px; min-width:628px; ' \/><\/a><\/li><\/ul><div class='avia-slideshow-arrows avia-slideshow-controls'><a href='#prev' class='prev-slide' aria-hidden='true' data-av_icon='\ue87c' data-av_iconfont='entypo-fontello'>Pr\u00e9c\u00e9dent<\/a><a href='#next' class='next-slide' aria-hidden='true' data-av_icon='\ue87d' data-av_iconfont='entypo-fontello'>Suivant<\/a><\/div><div class='avia-slideshow-dots avia-slideshow-controls'><a href='#1' class='goto-slide active' >1<\/a><a href='#2' class='goto-slide ' >2<\/a><a href='#3' class='goto-slide ' >3<\/a><a href='#4' class='goto-slide ' >4<\/a><\/div><\/div><\/div>\n<\/div><\/div><\/div><!-- close content main div --><\/div><\/div><div id='my_section' class='av-layout-grid-container entry-content-wrapper main_color av-flex-cells    av-cell-min-height av-cell-min-height-75 container_wrap sidebar_right'   >\n<div class=\"flex_cell no_margin av_one_third   avia-full-stretch \" style='background-image:url(https:\/\/www.philippe-pastor.com\/wp-content\/uploads\/2018\/04\/PASTOR_web-1.jpeg); background-position:center center; background-repeat:no-repeat; background-attachment:scroll; vertical-align:top; padding:90px 50px 90px 50px ; background-color:#3077f2; '><div class='flex_cell_inner' ><\/div><\/div><div class=\"flex_cell no_margin av_one_third    avia-full-stretch \" style='vertical-align:top; padding:50px 50px 90px 50px ; background-color:#7f8082; '><div class='flex_cell_inner' ><section class=\"av_textblock_section \"  itemscope=\"itemscope\" itemtype=\"https:\/\/schema.org\/CreativeWork\" ><div class='avia_textblock  av_inherit_color '  style='color:#ffffff; '  itemprop=\"text\" ><p>Engag\u00e9 pour la protection de l&rsquo;environnement, Philippe Pastor a d\u00e9velopp\u00e9 \u00e0 travers son travail une vision personnalis\u00e9e de la Nature, traduisant les interactions de l\u2019Homme avec la plan\u00e8te. L\u2019artiste utilise des mat\u00e9riaux vivants et les transforme en faisant du temps et de son environnement imm\u00e9diat un alli\u00e9 ; il m\u00e9lange la terre, les pigments, les min\u00e9raux et plantes de toutes sortes, repr\u00e9sentant ainsi sa vision de la vie, de la destruction de l\u2019environnement et du r\u00f4le de l\u2019Homme dans la Soci\u00e9t\u00e9.<\/p>\n<\/div><\/section>\n<\/div><\/div><div class=\"flex_cell no_margin av_one_third    avia-full-stretch \" style='vertical-align:top; padding:50px 50px 90px 50px ; background-color:#d7d8dd; '><div class='flex_cell_inner' ><section class=\"av_textblock_section \"  itemscope=\"itemscope\" itemtype=\"https:\/\/schema.org\/CreativeWork\" ><div class='avia_textblock  av_inherit_color '  style='color:#444444; '  itemprop=\"text\" ><h2>Actualit\u00e9s<\/h2>\n<\/div><\/section><br \/>\n<div style='height:10px' class='hr hr-invisible  '><span class='hr-inner ' ><span class='hr-inner-style'><\/span><\/span><\/div><br \/>\n<div id='av-magazine-1' class='av-magazine     av-magazine-top-bar-active av-magazine-tabs-active' ><div class='av-magazine-top-bar ' ><\/div><div class='av-magazine-group sort_all'><article class='hentry av-magazine-entry av-magazine-entry-id-12111 av-magazine-format-standard av-magazine-type-post av-magazine-entry-1 av-magazine-entry-small av-magazine-no-thumb'  itemscope=\"itemscope\" itemtype=\"https:\/\/schema.org\/CreativeWork\" ><div class='av-magazine-content-wrap'><header class='entry-content-header'><time class='av-magazine-time updated'  itemprop=\"datePublished\" datetime=\"2023-04-28T10:02:01+01:00\" >28 avril 2023<\/time><span class='av-magazine-text-sep text-sep-date'>\/<\/span><span class=\"av-magazine-author minor-meta\">par <span class=\"av-magazine-author-link\"  itemprop=\"author\" ><span class='av-magazine-author meta-color vcard author'><span class='fn'><a href=https:\/\/www.philippe-pastor.com\/fr\/blog\/author\/adminphilpast\/ title=\"par adminphilpast\" rel=\"author\">adminphilpast<\/a><\/span><\/span><\/span><\/span><h3 class='av-magazine-title entry-title'  itemprop=\"headline\" ><a href='https:\/\/www.philippe-pastor.com\/fr\/blog\/exposition-comment-va-le-monde\/' title='En lien avec : Exposition \/ \u00ab\u00a0Comment va le monde ?\u00a0\u00bb'>Exposition \/ \u00ab\u00a0Comment va le monde ?\u00a0\u00bb<\/a><\/h3><\/header><\/div><footer class='entry-footer'><\/footer><\/article><article class='hentry av-magazine-entry av-magazine-entry-id-11949 av-magazine-format-standard av-magazine-type-post av-magazine-entry-2 av-magazine-entry-small av-magazine-no-thumb'  itemscope=\"itemscope\" itemtype=\"https:\/\/schema.org\/CreativeWork\" ><div class='av-magazine-content-wrap'><header class='entry-content-header'><time class='av-magazine-time updated'  itemprop=\"datePublished\" datetime=\"2022-08-01T19:30:58+01:00\" >1 ao\u00fbt 2022<\/time><span class='av-magazine-text-sep text-sep-date'>\/<\/span><span class=\"av-magazine-author minor-meta\">par <span class=\"av-magazine-author-link\"  itemprop=\"author\" ><span class='av-magazine-author meta-color vcard author'><span class='fn'><a href=https:\/\/www.philippe-pastor.com\/fr\/blog\/author\/adminphilpast\/ title=\"par adminphilpast\" rel=\"author\">adminphilpast<\/a><\/span><\/span><\/span><\/span><h3 class='av-magazine-title entry-title'  itemprop=\"headline\" ><a href='https:\/\/www.philippe-pastor.com\/fr\/blog\/the-burned-trees-chateau-des-marres-4\/' title='En lien avec : \u00ab\u00a0Les Arbres Br\u00fbl\u00e9s\u00a0\u00bb \/ Ch\u00e2teau des Marres'>\u00ab\u00a0Les Arbres Br\u00fbl\u00e9s\u00a0\u00bb \/ Ch\u00e2teau des Marres<\/a><\/h3><\/header><\/div><footer class='entry-footer'><\/footer><\/article><article class='hentry av-magazine-entry av-magazine-entry-id-11918 av-magazine-format-standard av-magazine-type-post av-magazine-entry-3 av-magazine-entry-small av-magazine-no-thumb'  itemscope=\"itemscope\" itemtype=\"https:\/\/schema.org\/CreativeWork\" ><div class='av-magazine-content-wrap'><header class='entry-content-header'><time class='av-magazine-time updated'  itemprop=\"datePublished\" datetime=\"2022-07-19T16:36:09+01:00\" >19 juillet 2022<\/time><span class='av-magazine-text-sep text-sep-date'>\/<\/span><span class=\"av-magazine-author minor-meta\">par <span class=\"av-magazine-author-link\"  itemprop=\"author\" ><span class='av-magazine-author meta-color vcard author'><span class='fn'><a href=https:\/\/www.philippe-pastor.com\/fr\/blog\/author\/adminphilpast\/ title=\"par adminphilpast\" rel=\"author\">adminphilpast<\/a><\/span><\/span><\/span><\/span><h3 class='av-magazine-title entry-title'  itemprop=\"headline\" ><a href='https:\/\/www.philippe-pastor.com\/fr\/blog\/the-burned-trees-monaco-red-cross-gala\/' title='En lien avec : \u00ab\u00a0Les Arbres Br\u00fbl\u00e9s\u00a0\u00bb \/ Gala de la Croix Rouge Monegasque'>\u00ab\u00a0Les Arbres Br\u00fbl\u00e9s\u00a0\u00bb \/ Gala de la Croix Rouge Monegasque<\/a><\/h3><\/header><\/div><footer class='entry-footer'><\/footer><\/article><article class='hentry av-magazine-entry av-magazine-entry-id-11830 av-magazine-format-standard av-magazine-type-post av-magazine-entry-4 av-magazine-entry-small av-magazine-no-thumb'  itemscope=\"itemscope\" itemtype=\"https:\/\/schema.org\/CreativeWork\" ><div class='av-magazine-content-wrap'><header class='entry-content-header'><time class='av-magazine-time updated'  itemprop=\"datePublished\" datetime=\"2022-01-13T11:34:46+01:00\" >13 janvier 2022<\/time><span class='av-magazine-text-sep text-sep-date'>\/<\/span><span class=\"av-magazine-author minor-meta\">par <span class=\"av-magazine-author-link\"  itemprop=\"author\" ><span class='av-magazine-author meta-color vcard author'><span class='fn'><a href=https:\/\/www.philippe-pastor.com\/fr\/blog\/author\/adminphilpast\/ title=\"par adminphilpast\" rel=\"author\">adminphilpast<\/a><\/span><\/span><\/span><\/span><h3 class='av-magazine-title entry-title'  itemprop=\"headline\" ><a href='https:\/\/www.philippe-pastor.com\/fr\/blog\/les-arbres-brules-saint-paul-de-vence\/' title='En lien avec : \u00ab\u00a0Les Arbres Br\u00fbl\u00e9s\u00a0\u00bb \/ Saint-Paul de Vence'>\u00ab\u00a0Les Arbres Br\u00fbl\u00e9s\u00a0\u00bb \/ Saint-Paul de Vence<\/a><\/h3><\/header><\/div><footer class='entry-footer'><\/footer><\/article><\/div><\/div><\/p>\n<\/div><\/div><\/div><\/div><\/div><\/div><!-- close content main div --><\/div><\/div><div id='av_section_1' class='avia-section main_color avia-section-default avia-no-shadow avia-bg-style-scroll    container_wrap sidebar_right' style = 'background-color: #e8e8e8; '  ><div class='container' ><div class='template-page content  av-content-small alpha units'><div class='post-entry post-entry-type-page post-entry-5954'><div class='entry-content-wrapper clearfix'>\n<div style='padding-bottom:1px;' class='av-special-heading av-special-heading-h2  blockquote modern-quote modern-centered    av-small-hide av-mini-hide'><h2 class='av-special-heading-tag '  itemprop=\"headline\"  >\u0152UVRE<\/h2><div class='special-heading-border'><div class='special-heading-inner-border' ><\/div><\/div><\/div>\n<div style='padding-bottom:1px;' class='av-special-heading av-special-heading-h2  blockquote modern-quote    av-desktop-hide av-medium-hide'><h2 class='av-special-heading-tag '  itemprop=\"headline\"  >\u0152uvre<\/h2><div class='special-heading-border'><div class='special-heading-inner-border' ><\/div><\/div><\/div>\n<\/div><\/div><\/div><!-- close content main div --><\/div><\/div><div id='after_section_1' class='main_color av_default_container_wrap container_wrap sidebar_right'   ><div class='container' ><div class='template-page content  av-content-small alpha units'><div class='post-entry post-entry-type-page post-entry-5954'><div class='entry-content-wrapper clearfix'><\/p>\n<div id='av-masonry-1' class='av-masonry  noHover av-flex-size av-1px-gap av-hover-overlay- av-masonry-col-4 av-caption-always av-caption-style- av-masonry-gallery     '  ><div class='av-masonry-container isotope av-js-disabled ' ><div class='av-masonry-entry isotope-item av-masonry-item-no-image '><\/div><a href=\"https:\/\/www.philippe-pastor.com\/wp-content\/uploads\/2018\/05\/BASTAw3-1.jpg\" id='av-masonry-1-item-7712' data-av-masonry-item='7712' class='av-masonry-entry isotope-item post-7712 attachment type-attachment status-inherit hentry  av-masonry-item-with-image' title=\"\"  itemprop=\"thumbnailUrl\" ><div class='av-inner-masonry-sizer'><\/div><figure class='av-inner-masonry main_color'><div class=\"av-masonry-outerimage-container\"><div class=\"av-masonry-image-container\" style=\"background-image: url(https:\/\/www.philippe-pastor.com\/wp-content\/uploads\/2018\/05\/BASTAw3-1.jpg);\"><img decoding=\"async\" src=\"https:\/\/www.philippe-pastor.com\/wp-content\/uploads\/2018\/05\/BASTAw3-1.jpg\" title=\"BASTAw3\" alt=\"\" \/><\/div><\/div><\/figure><\/a><!--end av-masonry entry--><a href=\"https:\/\/www.philippe-pastor.com\/wp-content\/uploads\/2018\/05\/BLEU-MONOCHROME_14-005-BM-1.jpg\" id='av-masonry-1-item-7715' data-av-masonry-item='7715' class='av-masonry-entry isotope-item post-7715 attachment type-attachment status-inherit hentry  av-masonry-item-with-image' title=\"\"  itemprop=\"thumbnailUrl\" ><div class='av-inner-masonry-sizer'><\/div><figure class='av-inner-masonry main_color'><div class=\"av-masonry-outerimage-container\"><div class=\"av-masonry-image-container\" style=\"background-image: url(https:\/\/www.philippe-pastor.com\/wp-content\/uploads\/2018\/05\/BLEU-MONOCHROME_14-005-BM-1.jpg);\"><img decoding=\"async\" src=\"https:\/\/www.philippe-pastor.com\/wp-content\/uploads\/2018\/05\/BLEU-MONOCHROME_14-005-BM-1.jpg\" title=\"BLEU MONOCHROME_14 005 BM\" alt=\"\" \/><\/div><\/div><\/figure><\/a><!--end av-masonry entry--><a href=\"https:\/\/www.philippe-pastor.com\/fr\/peintures\/la-fin-du-monde\/\" id='av-masonry-1-item-7718' data-av-masonry-item='7718' class='av-masonry-entry isotope-item post-7718 attachment type-attachment status-inherit hentry  av-masonry-item-with-image' title=\"La Fin du Monde &gt;&gt;\"  itemprop=\"thumbnailUrl\" ><div class='av-inner-masonry-sizer'><\/div><figure class='av-inner-masonry main_color'><div class=\"av-masonry-outerimage-container\"><div class=\"av-masonry-image-container\" style=\"background-image: url(https:\/\/www.philippe-pastor.com\/wp-content\/uploads\/2018\/05\/LA-FIN-DU-MONDE_17-046-LFM-116X89-1.jpg);\"><img decoding=\"async\" src=\"https:\/\/www.philippe-pastor.com\/wp-content\/uploads\/2018\/05\/LA-FIN-DU-MONDE_17-046-LFM-116X89-1.jpg\" title=\"La Fin du Monde &gt;&gt;\" alt=\"La Fin du Monde &gt;&gt;\" \/><\/div><\/div><\/figure><\/a><!--end av-masonry entry--><a href=\"https:\/\/www.philippe-pastor.com\/wp-content\/uploads\/2018\/05\/LES-ARBRES-1.jpg\" id='av-masonry-1-item-7721' data-av-masonry-item='7721' class='av-masonry-entry isotope-item post-7721 attachment type-attachment status-inherit hentry  av-masonry-item-with-image' title=\"\"  itemprop=\"thumbnailUrl\" ><div class='av-inner-masonry-sizer'><\/div><figure class='av-inner-masonry main_color'><div class=\"av-masonry-outerimage-container\"><div class=\"av-masonry-image-container\" style=\"background-image: url(https:\/\/www.philippe-pastor.com\/wp-content\/uploads\/2018\/05\/LES-ARBRES-1.jpg);\"><img decoding=\"async\" src=\"https:\/\/www.philippe-pastor.com\/wp-content\/uploads\/2018\/05\/LES-ARBRES-1.jpg\" title=\"LES ARBRES\" alt=\"\" \/><\/div><\/div><\/figure><\/a><!--end av-masonry entry--><\/div><\/div>\n<div id='av-masonry-2' class='av-masonry  noHover av-flex-size av-1px-gap av-hover-overlay- av-masonry-col-4 av-caption-always av-caption-style- av-masonry-gallery     '  ><div class='av-masonry-container isotope av-js-disabled ' ><div class='av-masonry-entry isotope-item av-masonry-item-no-image '><\/div><a href=\"https:\/\/www.philippe-pastor.com\/wp-content\/uploads\/2018\/05\/ROSE-BONBON_17-009-RB-146x97.jpg\" id='av-masonry-2-item-7708' data-av-masonry-item='7708' class='av-masonry-entry isotope-item post-7708 attachment type-attachment status-inherit hentry  av-masonry-item-with-image' title=\"\"  itemprop=\"thumbnailUrl\" ><div class='av-inner-masonry-sizer'><\/div><figure class='av-inner-masonry main_color'><div class=\"av-masonry-outerimage-container\"><div class=\"av-masonry-image-container\" style=\"background-image: url(https:\/\/www.philippe-pastor.com\/wp-content\/uploads\/2018\/05\/ROSE-BONBON_17-009-RB-146x97.jpg);\"><img decoding=\"async\" src=\"https:\/\/www.philippe-pastor.com\/wp-content\/uploads\/2018\/05\/ROSE-BONBON_17-009-RB-146x97.jpg\" title=\"ROSE BONBON_17 009 RB 146&#215;97\" alt=\"\" \/><\/div><\/div><\/figure><\/a><!--end av-masonry entry--><a href=\"https:\/\/www.philippe-pastor.com\/wp-content\/uploads\/2018\/05\/NORTH-POLE_16-013-NP-146x97.jpg\" id='av-masonry-2-item-7705' data-av-masonry-item='7705' class='av-masonry-entry isotope-item post-7705 attachment type-attachment status-inherit hentry  av-masonry-item-with-image' title=\"\"  itemprop=\"thumbnailUrl\" ><div class='av-inner-masonry-sizer'><\/div><figure class='av-inner-masonry main_color'><div class=\"av-masonry-outerimage-container\"><div class=\"av-masonry-image-container\" style=\"background-image: url(https:\/\/www.philippe-pastor.com\/wp-content\/uploads\/2018\/05\/NORTH-POLE_16-013-NP-146x97.jpg);\"><img decoding=\"async\" src=\"https:\/\/www.philippe-pastor.com\/wp-content\/uploads\/2018\/05\/NORTH-POLE_16-013-NP-146x97.jpg\" title=\"NORTH POLE_16 013 NP 146&#215;97\" alt=\"\" \/><\/div><\/div><\/figure><\/a><!--end av-masonry entry--><a href=\"https:\/\/www.philippe-pastor.com\/wp-content\/uploads\/2018\/05\/LES-QUATRE-SAISONS-09-006-280x391cm-1.jpg\" id='av-masonry-2-item-7702' data-av-masonry-item='7702' class='av-masonry-entry isotope-item post-7702 attachment type-attachment status-inherit hentry  av-masonry-item-with-image' title=\"\"  itemprop=\"thumbnailUrl\" ><div class='av-inner-masonry-sizer'><\/div><figure class='av-inner-masonry main_color'><div class=\"av-masonry-outerimage-container\"><div class=\"av-masonry-image-container\" style=\"background-image: url(https:\/\/www.philippe-pastor.com\/wp-content\/uploads\/2018\/05\/LES-QUATRE-SAISONS-09-006-280x391cm-1.jpg);\"><img decoding=\"async\" src=\"https:\/\/www.philippe-pastor.com\/wp-content\/uploads\/2018\/05\/LES-QUATRE-SAISONS-09-006-280x391cm-1.jpg\" title=\"LES QUATRE SAISONS 09 006 280x391cm\" alt=\"\" \/><\/div><\/div><\/figure><\/a><!--end av-masonry entry--><a href=\"https:\/\/www.philippe-pastor.com\/wp-content\/uploads\/2018\/05\/LES-OISEAUX-DU-MALHEUR-14-071LOM_200x200cm-1.jpg\" id='av-masonry-2-item-7699' data-av-masonry-item='7699' class='av-masonry-entry isotope-item post-7699 attachment type-attachment status-inherit hentry  av-masonry-item-with-image' title=\"\"  itemprop=\"thumbnailUrl\" ><div class='av-inner-masonry-sizer'><\/div><figure class='av-inner-masonry main_color'><div class=\"av-masonry-outerimage-container\"><div class=\"av-masonry-image-container\" style=\"background-image: url(https:\/\/www.philippe-pastor.com\/wp-content\/uploads\/2018\/05\/LES-OISEAUX-DU-MALHEUR-14-071LOM_200x200cm-1.jpg);\"><img decoding=\"async\" src=\"https:\/\/www.philippe-pastor.com\/wp-content\/uploads\/2018\/05\/LES-OISEAUX-DU-MALHEUR-14-071LOM_200x200cm-1.jpg\" title=\"LES OISEAUX DU MALHEUR 14 071LOM_200x200cm\" alt=\"\" \/><\/div><\/div><\/figure><\/a><!--end av-masonry entry--><\/div><\/div>\n<div class=\"flex_column av_one_full  flex_column_div av-zero-column-padding first  \" style='border-radius:0px; '><p><div style='padding-bottom:1px;' class='av-special-heading av-special-heading-h2  blockquote modern-quote modern-centered    av-mini-hide'><h2 class='av-special-heading-tag '  itemprop=\"headline\"  >INSTAGRAM<\/h2><div class='special-heading-border'><div class='special-heading-inner-border' ><\/div><\/div><\/div><br \/>\n<div style='height:20px' class='hr hr-invisible   '><span class='hr-inner ' ><span class='hr-inner-style'><\/span><\/span><\/div><br \/>\n<div class='avia-builder-widget-area clearfix '><div id=\"meks_instagram-2\" class=\"widget clearfix widget_meks_instagram\">Instagram has returned empty data. Please authorize your Instagram account in the <a href=\"https:\/\/www.philippe-pastor.com\/wp-admin\/options-general.php?page=meks-instagram\"> plugin settings <\/a>.<\/div><\/div><\/p><\/div>\n","protected":false},"excerpt":{"rendered":"","protected":false},"author":6,"featured_media":0,"parent":0,"menu_order":0,"comment_status":"closed","ping_status":"closed","template":"","meta":{"ngg_post_thumbnail":0,"footnotes":""},"class_list":["post-5954","page","type-page","status-publish","hentry"],"_links":{"self":[{"href":"https:\/\/www.philippe-pastor.com\/fr\/wp-json\/wp\/v2\/pages\/5954","targetHints":{"allow":["GET"]}}],"collection":[{"href":"https:\/\/www.philippe-pastor.com\/fr\/wp-json\/wp\/v2\/pages"}],"about":[{"href":"https:\/\/www.philippe-pastor.com\/fr\/wp-json\/wp\/v2\/types\/page"}],"author":[{"embeddable":true,"href":"https:\/\/www.philippe-pastor.com\/fr\/wp-json\/wp\/v2\/users\/6"}],"replies":[{"embeddable":true,"href":"https:\/\/www.philippe-pastor.com\/fr\/wp-json\/wp\/v2\/comments?post=5954"}],"version-history":[{"count":0,"href":"https:\/\/www.philippe-pastor.com\/fr\/wp-json\/wp\/v2\/pages\/5954\/revisions"}],"wp:attachment":[{"href":"https:\/\/www.philippe-pastor.com\/fr\/wp-json\/wp\/v2\/media?parent=5954"}],"curies":[{"name":"wp","href":"https:\/\/api.w.org\/{rel}","templated":true}]}}