{"id":9295,"date":"2018-04-30T09:32:02","date_gmt":"2018-04-30T08:32:02","guid":{"rendered":"https:\/\/www.philippe-pastor.com\/biografia\/expositions-personnelles\/"},"modified":"2023-02-19T10:16:39","modified_gmt":"2023-02-19T09:16:39","slug":"exposiciones-personales","status":"publish","type":"page","link":"https:\/\/www.philippe-pastor.com\/es\/biografia\/exposiciones-personales\/","title":{"rendered":"Exposiciones personales"},"content":{"rendered":"<div class=\"flex_column av_one_full  flex_column_div av-zero-column-padding first  \" style='border-radius:0px; '><section class=\"av_textblock_section \"  itemscope=\"itemscope\" itemtype=\"https:\/\/schema.org\/CreativeWork\" ><div class='avia_textblock  '   itemprop=\"text\" ><div>\n<p><strong>2022<\/strong><br \/>\n<a href=\"https:\/\/www.philippe-pastor.com\/es\/blog\/the-burned-trees-chateau-des-marres-4\/\" target=\"_blank\" rel=\"noopener\">&#8220;Philippe Pastor, Les Arbres Br\u00fbl\u00e9s&#8221;, verano 2022 &#8211; Ch\u00e2teau des Marres, Golfo de Saint-Tropez, Francia<\/a><br \/>\n&#8220;Philippe Pastor, Les Arbres Br\u00fbl\u00e9s&#8221;, instalaci\u00f3n permanente &#8211; Vilanant, Espa\u00f1a<br \/>\n<a href=\"https:\/\/www.philippe-pastor.com\/es\/blog\/the-burned-trees-monaco-red-cross-gala\/\" target=\"_blank\" rel=\"noopener\">&#8220;Philippe Pastor, Les Arbres Br\u00fbl\u00e9s&#8221;, 19 July &#8211; Gala de la Cruz Roja de M\u00f3naco, M\u00f3naco<\/a><\/p>\n<p><strong>2021<\/strong><br \/>\n<a href=\"https:\/\/www.philippe-pastor.com\/es\/blog\/los-arboles-quemados-saint-paul-de-vence\/\" target=\"_blank\" rel=\"noopener\">&#8220;Philippe Pastor, Les Arbres Br\u00fbl\u00e9s&#8221;, instalaci\u00f3n permanente &#8211; Saint-Paul-de-Vence, Francia<\/a><br \/>\n<a href=\"https:\/\/www.philippe-pastor.com\/es\/blog\/exhibition-fin-du-monde\/\" target=\"_blank\" rel=\"noopener\">&#8220;Philippe Pastor, Fin du Monde&#8221;, verano 2021 &#8211; Monaco Modern\u2019Art, M\u00f3naco<\/a><br \/>\n&#8220;Philippe Pastor, Les Arbres Br\u00fbl\u00e9s&#8221;, verano 2021 &#8211; Ch\u00e2teau des Marres, Golfo de Saint-Tropez, Francia<\/p>\n<p><strong>2020<\/strong><br \/>\n<a href=\"https:\/\/www.philippe-pastor.com\/es\/blog\/exposicion-is-this-world-serious\/\" target=\"_blank\" rel=\"noopener\">&#8220;Philippe Pastor, Est-ce que ce Monde est S\u00e9rieux ?&#8221;, del 24 de julio al 4 de octubre &#8211; Mus\u00e9e de Bormes-les-Mimosas<\/a><br \/>\n<a href=\"https:\/\/www.philippe-pastor.com\/es\/blog\/exposicion-la-vie-en-rose\/\" target=\"_blank\" rel=\"noopener\">&#8220;Philippe Pastor, La Vie en Rose&#8221;, primavera 2020 &#8211; Monaco Modern\u2019Art, M\u00f3naco<\/a><br \/>\n<a href=\"https:\/\/www.philippe-pastor.com\/es\/blog\/is-this-world-serious\/\" target=\"_blank\" rel=\"noopener\">&#8220;Philippe Pastor, Is this world serious?&#8221;, 25 November to 28 February 2020 &#8211; Monaco Modern\u2019Art, M\u00f3naco<\/a><\/p>\n<p><strong>2019<\/strong><br \/>\n<a href=\"https:\/\/www.philippe-pastor.com\/es\/blog\/les-arbres-brules-ville-de-nice\/\" target=\"_blank\" rel=\"noopener\">&#8220;Philippe Pastor, Les Arbres Br\u00fbl\u00e9s&#8221;, instalaci\u00f3n permanente&nbsp;\u2013 Jardin Sacha Sosno, Niza, Francia<\/a><br \/>\n<a href=\"https:\/\/www.philippe-pastor.com\/es\/blog\/les-arbres-brules-chateau-des-marres-2\/\" target=\"_blank\" rel=\"noopener\">&#8220;Philippe Pastor, Les Arbres Br\u00fbl\u00e9s&#8221;, verano 2019\/2020 &#8211; Ch\u00e2teau des Marres, Golfo de Saint-Tropez, Francia<\/a><br \/>\n<a href=\"https:\/\/www.philippe-pastor.com\/es\/blog\/exhibition-monaco-modernart\/\" target=\"_blank\" rel=\"noopener\">&#8220;Terre &amp; M\u00e9tamorphoses&#8221;, del 26 de abril al 6 de septiembre &#8211; Monaco Modern\u2019Art, M\u00f3naco<\/a><\/p>\n<p><strong>2018<\/strong><br \/>\n<a href=\"https:\/\/www.philippe-pastor.com\/es\/blog\/the-burned-trees-chateau-des-marres-2-2\/\" target=\"_blank\" rel=\"noopener\">&#8220;Philippe Pastor, Les Arbres Br\u00fbl\u00e9s&#8221;, verano 2018\/2019 &#8211; Ch\u00e2teau des Marres, Golfo de Saint-Tropez, Francia<\/a><\/p>\n<p><strong>2017<\/strong><br \/>\n<a href=\"https:\/\/www.philippe-pastor.com\/fr\/blog\/exposition-jerome-zodo-londres\/\" target=\"_blank\" rel=\"noopener\">&#8220;Philippe Pastor&#8221;<\/a><a href=\"https:\/\/www.philippe-pastor.com\/fr\/blog\/exposition-jerome-zodo-londres\/\" target=\"_blank\" rel=\"noopener\">, del 23 de noviembre de 2017 al 31 de enero de 2018 &#8211; Jer\u00f4me Zodo Gallery, Londres, Reino Unido<\/a><a href=\"https:\/\/www.philippe-pastor.com\/fr\/blog\/exposition-lc-gallery-ibiza\/\" target=\"_blank\" rel=\"noopener\">&#8220;<\/a><br \/>\n<a href=\"https:\/\/www.philippe-pastor.com\/fr\/blog\/exposition-lc-gallery-ibiza\/\" target=\"_blank\" rel=\"noopener\">&#8220;PASTOR&#8221;, <\/a><a href=\"https:\/\/www.philippe-pastor.com\/fr\/blog\/exposition-lc-gallery-ibiza\/\" target=\"_blank\" rel=\"noopener\">del 8 al 30 de septiembre &#8211; LC Gallery, Ibiza<\/a><br \/>\n<a href=\"https:\/\/www.philippe-pastor.com\/fr\/blog\/exposition-de-jonckheere-geneve\/\" target=\"_blank\" rel=\"noopener\">&#8220;10 Monochromes&#8221;, del 2 al 24 de noviembre &#8211; De Jonckheere, Ginebra, Suiza<\/a><a href=\"https:\/\/www.philippe-pastor.com\/fr\/blog\/les-arbres-brules-chateau-des-marres\/\" target=\"_blank\" rel=\"noopener\">&#8220;<\/a><br \/>\n<a href=\"https:\/\/www.philippe-pastor.com\/fr\/blog\/les-arbres-brules-chateau-des-marres\/\" target=\"_blank\" rel=\"noopener\">Philippe Pastor, Les Arbres Br\u00fbl\u00e9s&#8221;, verano 2017\/2018 &#8211; &nbsp;Ch\u00e2teau des Marres, Ramatuelle, Golfo de Saint-Tropez, Francia<\/a><\/p>\n<p><strong>2016<\/strong><br \/>\n<strong>&#8220;<\/strong>Philippe Pastor, Les Arbres Br\u00fbl\u00e9s&#8221;, invierno 2016\/2017 &#8211; Meg\u00e8ve, Francia <a href=\"https:\/\/www.philippe-pastor.com\/fr\/blog\/exposition-galerie-56-megeve\/\" target=\"_blank\" rel=\"noopener\">&#8220;Philippe Pastor&#8221;, del 22 de diciembre de 2016 al 5 de marzo de 2017 &#8211; Galerie 56, Meg\u00e8ve, Francia<\/a><a href=\"https:\/\/www.philippe-pastor.com\/fr\/blog\/les-arbres-brules-grimaldi-forum-monaco\/\" target=\"_blank\" rel=\"noopener\">&#8220;Les Arbres Br\u00fbl\u00e9s&#8221;, del 4 de julio al 3 de agosto &#8211; Grimaldi Forum<\/a> Monaco, M\u00f3naco<br \/>\n&#8220;<a href=\"https:\/\/www.philippe-pastor.com\/fr\/blog\/exposition-monaco-modernart-2\/\" target=\"_blank\" rel=\"noopener\">Avec le Temps II&#8221;, de julio a septiembre &#8211; Monaco Modern&#8217;Art, M\u00f3n<\/a>aco<br \/>\n&#8220;Les Arbres Br\u00fbl\u00e9s&#8221;, instalaci\u00f3n permanente, inauguraci\u00f3n marzo de 2016 &#8211; La Gacilly La Gr\u00e9e Des Landes &#8211; Eco-H\u00f4tel-Spa Yves Rocher, Francia<br \/>\n<a href=\"https:\/\/www.philippe-pastor.com\/fr\/blog\/exposition-monaco-modernart-2-3\/\" target=\"_blank\" rel=\"noopener\">&#8220;Bleu Pastor&#8221;, de enero a junio &#8211; M\u00f3naco Modern&#8217;Art, M\u00f3naco<\/a><\/p>\n<p><strong>2015<br \/>\n&#8220;<\/strong>Philippe Pastor, Les Arbres Br\u00fbl\u00e9s&#8221;, instalaci\u00f3n permanente &#8211; Terminal Neige &#8211; Totem, Flaine, Francia &#8220;Philippe Pastor, Les Quatre Saisons&#8221;, de octubre a diciembre &#8211; M\u00f3naco Modern&#8217;Art, M\u00f3naco <a href=\"https:\/\/www.philippe-pastor.com\/fr\/blog\/exposition-universelle-milan-2015-artiste-officiel-2\/\" target=\"_blank\" rel=\"noopener\">&#8220;Philippe Pastor Les Arbres Br\u00fbl\u00e9s&#8221;, del 1 de mayo al 30 de octubre &#8211; Pabell\u00f3n de M\u00f3naco, Exposici\u00f3n Universal Expo 2015 de Mil\u00e1n, Mil\u00e1n, Italia<\/a> &#8220;Philippe Pastor&#8221;, del 23 de abril al 2 de junio &#8211; Galerie Nicolas Deman, Par\u00eds, Francia<\/p>\n<\/div>\n<div><strong>2014<\/strong><\/div>\n<div><a href=\"https:\/\/www.philippe-pastor.com\/fr\/blog\/exposition-azul-tierra-barcelone-2\/\" target=\"_blank\" rel=\"noopener\">&#8220;Philippe Pastor&#8221;, del 1 de diciembre de 2014 al 10 de abril de 2015 &#8211; Azul Tierra, Barcelona, Espa\u00f1a<\/a><\/div>\n<div><a href=\"https:\/\/www.philippe-pastor.com\/fr\/blog\/exposition-monaco-modernart-2-2\/\" target=\"_blank\" rel=\"noopener\">&#8220;Philippe Pastor&#8221;, del 24 de noviembre de 2014 al 18 de abril de 2015 &#8211; Monaco Modern&#8217;Art, Monaco<\/a><\/div>\n<div><a href=\"https:\/\/www.philippe-pastor.com\/fr\/blog\/les-arbres-brules-a-paris-gare-montparnasse-2\/\" target=\"_blank\" rel=\"noopener\">&#8220;Philippe Pastor Les Arbres Br\u00fbl\u00e9s&#8221;, del 27 de noviembre de 2014 al 28 de febrero de 2015 &#8211; Gare de Montparnasse, Par\u00eds, Francia<\/a><\/div>\n<div><a href=\"https:\/\/www.philippe-pastor.com\/fr\/blog\/les-arbres-brules-a-paris-gare-du-nord\/\" target=\"_blank\" rel=\"noopener\">&#8220;Philippe Pastor Les Arbres Br\u00fbl\u00e9s&#8221;, del 22 de octubre al 25 de noviembre &#8211; Gare du Nord, Par\u00eds, Francia<\/a><\/div>\n<div><a href=\"https:\/\/www.philippe-pastor.com\/fr\/blog\/exposition-la-galerie-38\/\" target=\"_blank\" rel=\"noopener\">&#8220;Philippe Pastor&#8221;, del 23 de octubre al 23 de noviembre &#8211; Galer\u00eda 38, Casablanca, Marruecos<\/a><\/div>\n<div><a href=\"https:\/\/www.philippe-pastor.com\/fr\/blog\/exposition-galerie-nicolas-deman\/\" target=\"_blank\" rel=\"noopener\">&#8220;Philippe Pastor&#8221;, del 7 de octubre al 30 de noviembre &#8211; Galer\u00eda Nicolas Deman, Par\u00eds, Francia<\/a><\/div>\n<div><a href=\"https:\/\/www.philippe-pastor.com\/fr\/blog\/exposition-galerie-d-x-bordeaux\/\" target=\"_blank\" rel=\"noopener\">&#8220;Philippe Pastor, Territoires&#8221;, del 10 de septiembre al 18 de octubre &#8211; Galerie D.X., Burdeos, Francia<\/a><\/div>\n<div><a href=\"https:\/\/www.philippe-pastor.com\/es\/blog\/exposicion-monaco-modernart\/\" target=\"_blank\" rel=\"noopener\">&#8220;Philippe Pastor Bleu Monochrome&#8221;, del 20 de mayo al 15 de septiembre &#8211; Monaco Modern&#8217;Art, Monaco<\/a><\/div>\n<div><a href=\"https:\/\/www.philippe-pastor.com\/fr\/blog\/exposition-galerie-nicolas-deman\/\" target=\"_blank\" rel=\"noopener\">&#8220;Philippe Pastor&#8221;, del 22 de abril al 7 de junio &#8211; Galer\u00eda Nicolas Deman, Par\u00eds, Francia<\/a><\/div>\n<div>&nbsp;<\/div>\n<div><strong>2013<\/strong><\/div>\n<div>&#8220;Philippe Pastor, Bleu Monochrome, del 31 de octubre &#8211; Azul Tierra, Barcelona, Espa\u00f1a<\/div>\n<div>&#8220;Philippe Pastor, Monochrome Blue, octubre a finales de noviembre &#8211; Nina Torres Fine Art, Miami, USA<\/div>\n<div>&#8220;Philippe Pastor, Les Arbres Br\u00fbl\u00e9s&#8221;, verano 2013 &#8211; Grimaud, Ramatuelle, Sainte-Maxime, Saint-Tropez, Francia<\/div>\n<div>&nbsp;<\/div>\n<div><strong>2012<\/strong><\/div>\n<div>&#8220;Philippe Pastor, Les Arbres Br\u00fbl\u00e9s, verano 2012 &#8211; Ch\u00e2teau des Marres, Ramatuelle, Golfo de Saint-Tropez, Francia<\/div>\n<div>&#8220;Philippe Pastor, Bleu Monochrome, de junio a septiembre de 2012 &#8211; Galer\u00eda DNR, l&#8217;Isle-sur-la-Sorgue, Francia<\/div>\n<div>&#8220;Philippe Pastor&#8221;, de mayo a junio de 2012 &#8211; Galer\u00eda Nicolas Deman, Par\u00eds, Francia<\/div>\n<div>&nbsp;<\/div>\n<div><strong>2011<\/strong><\/div>\n<div>&#8220;Philippe Pastor&#8221;, del 17 de noviembre de 2011 al 30 de enero de 2012 &#8211; Galer\u00eda Nicolas Deman, Par\u00eds, Francia<\/div>\n<div>&#8220;Philippe Pastor, Les Arbres Br\u00fbl\u00e9s&#8221;, invierno 2011\/2012 &#8211; L&#8217;Alpettes, Meg\u00e8ve, Francia<\/div>\n<div>&#8220;Philippe Pastor, Les Arbres Br\u00fbl\u00e9s&#8221;, invierno 2011\/2012 &#8211; Altapura, Val Thorens, Francia<\/div>\n<div>&#8220;Philippe Pastor, Revoluci\u00f3n&#8221;, del 1 de julio al 1 de octubre &#8211; Monaco Modern&#8217;Art, Monaco<\/div>\n<div>&#8220;Philippe Pastor, Les Arbres Br\u00fbl\u00e9s&#8221;, instalaci\u00f3n permanente, inauguraci\u00f3n julio 2011 &#8211; Giratoire de la Castellane, Grimaud, Francia<\/div>\n<div>&#8220;Philippe Pastor, Les Arbres Br\u00fbl\u00e9s&#8221;, de junio a octubre de 2011 &#8211; Ch\u00e2teau des Marres, Ramatuelle, Golfo de Saint-Tropez, Francia<\/div>\n<div>&#8220;Philippe Pastor, Revoluci\u00f3n&#8221;, del 17 de mayo al 14 de junio &#8211; Galer\u00eda Nicolas Deman, Par\u00eds, Francia<\/div>\n<div>&#8220;Philippe Pastor, Les C\u0153urs, MIA, Feria Internacional de Arte de Miami, 14-17 de enero &#8211; Platform Gallery, Miami, EE.UU<\/div>\n<div>&nbsp;<\/div>\n<div><strong>2010<\/strong><\/div>\n<div>&#8220;Philippe Pastor, Les Quatre Saisons&#8221;, del 10 de noviembre de 2010 al 31 de mayo de 2011 &#8211; Monaco Modern&#8217;Art, Monaco<\/div>\n<div>&#8220;Philippe Pastor, Les Quatre Saisons&#8221;, del 30 de noviembre de 2010 al 8 de enero de 2011 &#8211; Galer\u00eda Nicolas Deman, Par\u00eds<\/div>\n<div>&#8220;Philippe Pastor, Retrospectiva, 19 de noviembre al 9 de diciembre &#8211; Opera Gallery, Nueva York, EE.UU<\/div>\n<div>&#8220;Philippe Pastor, H2O&#8221;, del 1 de junio al 1 de noviembre &#8211; Monaco Modern&#8217;Art, Monaco<\/div>\n<div>&#8220;Philippe Pastor, Les Quatre Saisons, del 3 de abril al 2 de mayo &#8211; Galer\u00eda Barbara de Palma, Saint-Tropez, Francia<\/div>\n<div>&#8220;Philippe Pastor, Recent Works, del 20 de enero al 20 de junio &#8211; Showroom, 49 Curzon Street, Londres, Inglaterra<\/div>\n<div>&nbsp;<\/div>\n<div><strong>2009<\/strong><\/div>\n<div>&#8220;Philippe Pastor, 4-19 de diciembre &#8211; Opera Gallery, Par\u00eds, Francia<\/div>\n<div>&#8220;Philippe Pastor, Les Arbres Br\u00fbl\u00e9s&#8221;, Instalaci\u00f3n permanente, inauguraci\u00f3n 27 de abril de 2009 &#8211; La Gr\u00e9e Des Landes &#8211; Eco-H\u00f4tel-Spa Yves Rocher, La Gacilly, Francia<\/div>\n<div>&#8220;Le Ciel Regarde la Terre&#8221;, del 7 de junio al 22 de noviembre &#8211; 53a Bienal de Venecia, Pabell\u00f3n del Principado de M\u00f3naco, Cuartel de Cornoldi, Venecia, Italia<\/div>\n<div>&nbsp;<\/div>\n<div><strong>2008<\/strong><\/div>\n<div>&#8220;Philippe Pastor, Les Arbres Br\u00fbl\u00e9s&#8221;, del 20 de septiembre al 5 de diciembre &#8211; Centro Cultural Franc\u00e9s, Mil\u00e1n, Italia<\/div>\n<div>&#8220;Philippe Pastor, Le Ciel Regarde la Terre, del 9 de julio al 18 de agosto &#8211; Atrium du Casino, M\u00f3naco<\/div>\n<div>&#8220;Philippe Pastor, Les Arbres Br\u00fbl\u00e9s&#8221;, instalaci\u00f3n permanente, inauguraci\u00f3n julio de 2008 &#8211; Le Jardin Exotique, M\u00f3naco<\/div>\n<div>&#8220;Philippe Pastor, Les Arbres Br\u00fbl\u00e9s&#8221;, del 23 de junio al 14 de julio &#8211; Chapelle Saint-Jean, La Garde-Freinet, Francia<\/div>\n<div>&#8220;Philippe Pastor, Les Arbres Br\u00fbl\u00e9s&#8221;, instalaci\u00f3n permanente, inauguraci\u00f3n el 5 de junio de 2008 &#8211; Museo del Parco, Portofino, Italia<\/div>\n<div>&#8220;Philippe Pastor, saludos&#8221;, del 31 de mayo al 28 de junio &#8211; Atelier Soardi, Atelier de Matisse, Niza, Francia<\/div>\n<div>&#8220;Philippe Pastor, Les Arbres Br\u00fbl\u00e9s&#8221;, instalaci\u00f3n permanente, inauguraci\u00f3n el 8 de mayo de 2008 &#8211; Sede de las Naciones Unidas, Nueva York, EE.UU<\/div>\n<div>&#8220;Philippe Pastor, Les copines de la Lune&#8221;, del 21 de marzo al 10 de abril &#8211; Galerie LJ Beaubourg, Par\u00eds, Francia<\/div>\n<div>&#8220;Philippe Pastor, Obras Recientes, de enero a junio &#8211; Monaco Modern Art, Monaco<\/div>\n<div>&nbsp;<\/div>\n<div><strong>2007<\/strong><\/div>\n<div>&#8220;Philippe Pastor, Les Arbres Blancs&#8221;, 16-27 de mayo de 2007 &#8211; en el Festival Internacional de Cine de Cannes, Francia<\/div>\n<div>&#8220;Philippe Pastor, Les Arbres Br\u00fbl\u00e9s&#8221;, instalaci\u00f3n permanente, inauguraci\u00f3n el 15 de abril de 2007 &#8211; Champions of the Earth, Premio Internacional del Medio Ambiente, presentado cada a\u00f1o por el Programa de las Naciones Unidas para el Medio Ambiente (PNUMA), Shangri-la, Singapur<\/div>\n<div>&#8220;Philippe Pastor, Les Arbres Br\u00fbl\u00e9s&#8221;, de enero de 2007 a junio de 2010 &#8211; Monaco Modern&#8217;Art, Monaco<\/div>\n<div>&nbsp;<\/div>\n<div><strong>2006<\/strong><\/div>\n<div>&#8220;Philippe Pastor. Exposici\u00f3n itinerante&#8221;, del 15 de diciembre de 2005 al 15 de marzo de 2006 &#8211; Atelier Soardi, Atelier de Matisse, Niza, Francia<\/div>\n<div>&#8220;Philippe Pastor&#8221;, del 10 de noviembre al 5 de diciembre &#8211; Fundaci\u00f3n Valerio Riva, Venecia, Italia<\/div>\n<div>&#8220;Philippe Pastor, Les Arbres Br\u00fbl\u00e9s&#8221;, instalaci\u00f3n permanente, inauguraci\u00f3n el 26 de octubre de 2006 &#8211; Aeropuerto Nice C\u00f4te d&#8217;Azur, Francia<\/div>\n<div>&#8220;Philippe Pastor, Obras Recientes&#8221;, del 22 de septiembre al 21 de octubre &#8211; Galer\u00eda Siglo XX, Par\u00eds, Francia<\/div>\n<div>&#8220;Philippe Pastor, Les Arbres Br\u00fbl\u00e9s&#8221;, Instalaci\u00f3n permanente, inauguraci\u00f3n el 31 de marzo de 2006 &#8211; Sede de las Naciones Unidas, Nairobi, Kenya<\/div>\n<div>&#8220;Philippe Pastor, Selecci\u00f3n&#8221;, de enero a diciembre &#8211; Monaco Modern&#8217;Art, Monaco<\/div>\n<div>&nbsp;<\/div>\n<div><strong>2005<\/strong><\/div>\n<div>&#8220;Philippe Pastor. Exposici\u00f3n itinerante&#8221;, del 4 al 26 de noviembre &#8211; Museo Nacional Cotroceni, Bucarest, Rumania<\/div>\n<div>&#8220;Philippe Pastor, Les Arbres Br\u00fbl\u00e9s&#8221;, Instalaci\u00f3n permanente, Inauguraci\u00f3n verano 2005 &#8211; Sainte-Maxime, Francia<\/div>\n<div>&#8220;Philippe Pastor, The Strange Cheerfulness of a Sad Cansun, 19 de mayo al 11 de junio &nbsp;&#8211; Poli Art Gallery, Mil\u00e1n, Italia<\/div>\n<div>&#8220;Philippe Pastor, The Strange Cheerfulness of a Sad Cansun, 19 de febrero a 6 de marzo &#8211; Galer\u00eda de Arte Moderno y Contempor\u00e1neo, Rep\u00fablica de San Marino, Italia<\/div>\n<div>&#8220;Philippe Pastor&#8221;, del 6 de febrero al 4 de marzo &#8211; Galer\u00eda Ca&#8217; d&#8217;Oro, Roma, Italia<\/div>\n<div>&nbsp;<\/div>\n<div><strong>2004<\/strong><\/div>\n<div>&#8220;Philippe Pastor, Les Nouveaux guerriers&#8221;, del 5 de abril al 15 de mayo &#8211; Galer\u00eda Bruno Delarue, Par\u00eds, Francia<\/div>\n<div>&nbsp;<\/div>\n<div><strong>2003<\/strong><\/div>\n<div>&#8220;Philippe Pastor, en Passant&#8221;, del 11 de diciembre de 2003 al 10 de enero de 2004 &#8211; Galer\u00eda Pastor-Gismondi, M\u00f3naco<\/div>\n<div>&nbsp;<\/div>\n<div><strong>2002<\/strong><\/div>\n<div>&#8220;Philippe Pastor, Parejas de Saint-Tropez, 1 al 30 de diciembre &#8211; Miami Modern Art Gallery, Miami, USA<\/div>\n<\/div><\/section><\/div>\n","protected":false},"excerpt":{"rendered":"","protected":false},"author":6,"featured_media":0,"parent":4132,"menu_order":0,"comment_status":"closed","ping_status":"closed","template":"","meta":{"ngg_post_thumbnail":0,"footnotes":""},"class_list":["post-9295","page","type-page","status-publish","hentry"],"_links":{"self":[{"href":"https:\/\/www.philippe-pastor.com\/es\/wp-json\/wp\/v2\/pages\/9295","targetHints":{"allow":["GET"]}}],"collection":[{"href":"https:\/\/www.philippe-pastor.com\/es\/wp-json\/wp\/v2\/pages"}],"about":[{"href":"https:\/\/www.philippe-pastor.com\/es\/wp-json\/wp\/v2\/types\/page"}],"author":[{"embeddable":true,"href":"https:\/\/www.philippe-pastor.com\/es\/wp-json\/wp\/v2\/users\/6"}],"replies":[{"embeddable":true,"href":"https:\/\/www.philippe-pastor.com\/es\/wp-json\/wp\/v2\/comments?post=9295"}],"version-history":[{"count":0,"href":"https:\/\/www.philippe-pastor.com\/es\/wp-json\/wp\/v2\/pages\/9295\/revisions"}],"up":[{"embeddable":true,"href":"https:\/\/www.philippe-pastor.com\/es\/wp-json\/wp\/v2\/pages\/4132"}],"wp:attachment":[{"href":"https:\/\/www.philippe-pastor.com\/es\/wp-json\/wp\/v2\/media?parent=9295"}],"curies":[{"name":"wp","href":"https:\/\/api.w.org\/{rel}","templated":true}]}}